{"id":2155,"date":"2024-02-19T10:41:01","date_gmt":"2024-02-19T09:41:01","guid":{"rendered":"https:\/\/blog.glasundbeschlag.de\/glossary\/farben\/"},"modified":"2025-10-28T14:50:25","modified_gmt":"2025-10-28T13:50:25","slug":"farben","status":"publish","type":"glossary","link":"https:\/\/www.glasundbeschlag.de\/beratung\/glossar\/farben\/","title":{"rendered":"Glasfarben"},"content":{"rendered":"<h2>Was sind Glasfarben?<\/h2>\n<p data-start=\"154\" data-end=\"449\">Glasfarben sind farbliche Veredelungen von Glasoberfl\u00e4chen, die sowohl dekorativen als auch funktionalen Zwecken dienen. Sie werden entweder <strong data-start=\"295\" data-end=\"329\">bereits im Glas selbst erzeugt<\/strong> (z. B. durchgef\u00e4rbtes Glas) oder <strong data-start=\"363\" data-end=\"391\">nachtr\u00e4glich aufgebracht<\/strong>, etwa durch Druck-, Beschichtungs- oder Lackiertechniken.<\/p>\n<h3 data-start=\"451\" data-end=\"470\">Einsatz am Glas<\/h3>\n<p data-start=\"472\" data-end=\"605\">F\u00fcr architektonische Verglasungen \u2013 wie Glast\u00fcren, Glasduschen oder R\u00fcckw\u00e4nde \u2013 kommen unterschiedliche Verfahren zum Einsatz, z. B.:<\/p>\n<p data-start=\"607\" data-end=\"977\">\u2022 Siebdruck \u2013 deckende Farbgestaltung, langlebig und pflegeleicht<br data-start=\"676\" data-end=\"679\" \/>\u2022 Emaillierung \u2013 eingebrannte Farbschichten mit hoher Best\u00e4ndigkeit<br data-start=\"750\" data-end=\"753\" \/>\u2022 Digitaldruck \u2013 fotorealistische Motive und individuelle Designs<br data-start=\"822\" data-end=\"825\" \/>\u2022 VSG mit Farbfolie (z. B. Vanceva) \u2013 farbliche Gestaltung im Laminat<br data-start=\"898\" data-end=\"901\" \/>\u2022 Lackiertes Glas \u2013 glatte, brillante Oberfl\u00e4chen (z. B. f\u00fcr Innenr\u00e4ume)<\/p>\n<p data-start=\"979\" data-end=\"1093\">Neben der optischen Wirkung k\u00f6nnen Glasfarben <strong data-start=\"1025\" data-end=\"1040\">Sichtschutz<\/strong>, <strong data-start=\"1042\" data-end=\"1058\">Sonnenschutz<\/strong> und <strong data-start=\"1063\" data-end=\"1081\">Lichtsteuerung<\/strong> verbessern.<\/p>\n<h3 data-start=\"1095\" data-end=\"1128\">Farbgestaltung bei Beschl\u00e4gen<\/h3>\n<p data-start=\"1130\" data-end=\"1193\">Auch Glasbeschl\u00e4ge lassen sich farblich abstimmen \u2013 etwa durch:<\/p>\n<p data-start=\"1195\" data-end=\"1341\">\u2022 Eloxierung (Aluminiumoberfl\u00e4chen)<br data-start=\"1234\" data-end=\"1237\" \/>\u2022 Beschichtungen nach RAL oder NCS<br data-start=\"1275\" data-end=\"1278\" \/>\u2022 Spezialoberfl\u00e4chen mit erh\u00f6hter Korrosionsbest\u00e4ndigkeit<\/p>\n<p data-start=\"1343\" data-end=\"1412\">So k\u00f6nnen Glas und Beschlag harmonisch aufeinander abgestimmt werden.<\/p>\n<p>&nbsp;<\/p>\n<p><!--more--><\/p>\n<p style=\"text-align: center;\">W\u00e4hlen Sie einen Buchstaben oder Zahl aus um alle Artikel dieser Kategorie zu sehen.<\/p>\n<p style=\"text-align: center;\"><a href=\"\/beratung\/glossar-cat\/a\/\">A<\/a> |\u00a0<a href=\"\/beratung\/glossar-cat\/b\/\">B<\/a> | <a href=\"\/beratung\/glossar-cat\/c\/\">C<\/a> | <a href=\"\/beratung\/glossar-cat\/d\/\">D<\/a> | <a href=\"\/beratung\/glossar-cat\/e\/\">E<\/a> | <a href=\"\/beratung\/glossar-cat\/f\/\">F<\/a> | <a href=\"\/beratung\/glossar-cat\/g\/\">G<\/a> | <a href=\"\/beratung\/glossar-cat\/h\/\">H<\/a> | <a href=\"\/beratung\/glossar-cat\/i\/\">I<\/a> | <a href=\"\/beratung\/glossar-cat\/j\/\">J<\/a> | <a href=\"\/beratung\/glossar-cat\/k\/\">K<\/a> | <a href=\"\/beratung\/glossar-cat\/l\/\">L<\/a> | <a href=\"\/beratung\/glossar-cat\/m\/\">M<\/a> | <a href=\"\/beratung\/glossar-cat\/n\/\">N<\/a> | <a href=\"\/beratung\/glossar-cat\/o\/\">O<\/a> | <a href=\"\/beratung\/glossar-cat\/p\/\">P<\/a> | <a href=\"\/beratung\/glossar-cat\/q\/\">Q<\/a> | <a href=\"\/beratung\/glossar-cat\/r\/\">R<\/a> | <a href=\"\/beratung\/glossar-cat\/s\/\">S<\/a> | <a href=\"\/beratung\/glossar-cat\/t\/\">T<\/a> | <a href=\"\/beratung\/glossar-cat\/u\/\">U<\/a> | <a href=\"\/beratung\/glossar-cat\/v\/\">V<\/a> | <a href=\"\/beratung\/glossar-cat\/w\/\">W<\/a> | X | Y | <a href=\"\/beratung\/glossar-cat\/z\/\">Z<\/a><\/p>\n<p style=\"text-align: center;\">0 | 1 | <a href=\"\/beratung\/glossar-cat\/2\/\">2<\/a> | 3 | 4 | <a href=\"\/beratung\/glossar-cat\/5\/\">5<\/a> | 6 | 7 | 8 | 9<\/p>\n","protected":false},"excerpt":{"rendered":"<p>Was sind Glasfarben? Glasfarben sind farbliche Veredelungen von Glasoberfl\u00e4chen, die sowohl dekorativen als auch funktionalen Zwecken dienen. Sie werden entweder [&hellip;]<\/p>\n","protected":false},"author":1,"featured_media":0,"parent":0,"template":"","meta":{"site-sidebar-layout":"default","site-content-layout":"","ast-site-content-layout":"default","site-content-style":"default","site-sidebar-style":"default","ast-global-header-display":"","ast-banner-title-visibility":"","ast-main-header-display":"","ast-hfb-above-header-display":"","ast-hfb-below-header-display":"","ast-hfb-mobile-header-display":"","site-post-title":"","ast-breadcrumbs-content":"","ast-featured-img":"","footer-sml-layout":"","theme-transparent-header-meta":"default","adv-header-id-meta":"","stick-header-meta":"","header-above-stick-meta":"","header-main-stick-meta":"","header-below-stick-meta":"","astra-migrate-meta-layouts":"set","ast-page-background-enabled":"default","ast-page-background-meta":{"desktop":{"background-color":"var(--ast-global-color-4)","background-image":"","background-repeat":"repeat","background-position":"center center","background-size":"auto","background-attachment":"scroll","background-type":"","background-media":"","overlay-type":"","overlay-color":"","overlay-opacity":"","overlay-gradient":""},"tablet":{"background-color":"","background-image":"","background-repeat":"repeat","background-position":"center center","background-size":"auto","background-attachment":"scroll","background-type":"","background-media":"","overlay-type":"","overlay-color":"","overlay-opacity":"","overlay-gradient":""},"mobile":{"background-color":"","background-image":"","background-repeat":"repeat","background-position":"center center","background-size":"auto","background-attachment":"scroll","background-type":"","background-media":"","overlay-type":"","overlay-color":"","overlay-opacity":"","overlay-gradient":""}},"ast-content-background-meta":{"desktop":{"background-color":"var(--ast-global-color-5)","background-image":"","background-repeat":"repeat","background-position":"center center","background-size":"auto","background-attachment":"scroll","background-type":"","background-media":"","overlay-type":"","overlay-color":"","overlay-opacity":"","overlay-gradient":""},"tablet":{"background-color":"var(--ast-global-color-5)","background-image":"","background-repeat":"repeat","background-position":"center center","background-size":"auto","background-attachment":"scroll","background-type":"","background-media":"","overlay-type":"","overlay-color":"","overlay-opacity":"","overlay-gradient":""},"mobile":{"background-color":"var(--ast-global-color-5)","background-image":"","background-repeat":"repeat","background-position":"center center","background-size":"auto","background-attachment":"scroll","background-type":"","background-media":"","overlay-type":"","overlay-color":"","overlay-opacity":"","overlay-gradient":""}},"footnotes":""},"glossary-cat":[594],"class_list":["post-2155","glossary","type-glossary","status-publish","hentry","glossary-cat-f"],"yoast_head":"<!-- This site is optimized with the Yoast SEO plugin v27.5 - https:\/\/yoast.com\/product\/yoast-seo-wordpress\/ -->\n<title>Farben - Beratung und Informationen zu Glas und Beschlagstechnik<\/title>\n<meta name=\"description\" content=\"Entdecken Sie die farbliche Vielfalt in der Gestaltung von Glas und Beschl\u00e4gen mit modernen Techniken und individuellen Designs. Informieren Sie sich jetzt\" \/>\n<meta name=\"robots\" content=\"index, follow, max-snippet:-1, max-image-preview:large, max-video-preview:-1\" \/>\n<link rel=\"canonical\" href=\"https:\/\/www.glasundbeschlag.de\/beratung\/glossar\/farben\/\" \/>\n<meta property=\"og:locale\" content=\"de_DE\" \/>\n<meta property=\"og:type\" content=\"article\" \/>\n<meta property=\"og:title\" content=\"Farben\" \/>\n<meta property=\"og:description\" content=\"Entdecken Sie die farbliche Vielfalt in der Gestaltung von Glas und Beschl\u00e4gen mit modernen Techniken und individuellen Designs. Informieren Sie sich jetzt\" \/>\n<meta property=\"og:url\" content=\"https:\/\/www.glasundbeschlag.de\/beratung\/glossar\/farben\/\" \/>\n<meta property=\"og:site_name\" content=\"Beratung und Informationen zu Glas und Beschlagstechnik\" \/>\n<meta property=\"article:publisher\" content=\"https:\/\/www.facebook.com\/glasundbeschlag.de\/\" \/>\n<meta property=\"article:modified_time\" content=\"2025-10-28T13:50:25+00:00\" \/>\n<meta name=\"twitter:card\" content=\"summary_large_image\" \/>\n<meta name=\"twitter:title\" content=\"84\" \/>\n<meta name=\"twitter:description\" content=\"Entdecken Sie die farbliche Vielfalt in der Gestaltung von Glas und Beschl\u00e4gen mit modernen Techniken und individuellen Designs. Informieren Sie sich jetzt\" \/>\n<meta name=\"twitter:label1\" content=\"Gesch\u00e4tzte Lesezeit\" \/>\n\t<meta name=\"twitter:data1\" content=\"2\u00a0Minuten\" \/>\n<script type=\"application\/ld+json\" class=\"yoast-schema-graph\">{\"@context\":\"https:\\\/\\\/schema.org\",\"@graph\":[{\"@type\":\"TechArticle\",\"@id\":\"https:\\\/\\\/www.glasundbeschlag.de\\\/beratung\\\/glossar\\\/farben\\\/#article\",\"isPartOf\":{\"@id\":\"https:\\\/\\\/www.glasundbeschlag.de\\\/beratung\\\/glossar\\\/farben\\\/\"},\"author\":{\"name\":\"GLASundBESCHLAG.de\",\"@id\":\"https:\\\/\\\/www.glasundbeschlag.de\\\/beratung\\\/#\\\/schema\\\/person\\\/76487cc8b77a0fdc29aaf2c792cf7c48\"},\"headline\":\"Glasfarben\",\"datePublished\":\"2024-02-19T09:41:01+00:00\",\"dateModified\":\"2025-10-28T13:50:25+00:00\",\"mainEntityOfPage\":{\"@id\":\"https:\\\/\\\/www.glasundbeschlag.de\\\/beratung\\\/glossar\\\/farben\\\/\"},\"wordCount\":197,\"publisher\":{\"@id\":\"https:\\\/\\\/www.glasundbeschlag.de\\\/beratung\\\/#organization\"},\"inLanguage\":\"de\"},{\"@type\":\"WebPage\",\"@id\":\"https:\\\/\\\/www.glasundbeschlag.de\\\/beratung\\\/glossar\\\/farben\\\/\",\"url\":\"https:\\\/\\\/www.glasundbeschlag.de\\\/beratung\\\/glossar\\\/farben\\\/\",\"name\":\"Farben - Beratung und Informationen zu Glas und Beschlagstechnik\",\"isPartOf\":{\"@id\":\"https:\\\/\\\/www.glasundbeschlag.de\\\/beratung\\\/#website\"},\"datePublished\":\"2024-02-19T09:41:01+00:00\",\"dateModified\":\"2025-10-28T13:50:25+00:00\",\"description\":\"Entdecken Sie die farbliche Vielfalt in der Gestaltung von Glas und Beschl\u00e4gen mit modernen Techniken und individuellen Designs. Informieren Sie sich jetzt\",\"breadcrumb\":{\"@id\":\"https:\\\/\\\/www.glasundbeschlag.de\\\/beratung\\\/glossar\\\/farben\\\/#breadcrumb\"},\"inLanguage\":\"de\",\"potentialAction\":[{\"@type\":\"ReadAction\",\"target\":[\"https:\\\/\\\/www.glasundbeschlag.de\\\/beratung\\\/glossar\\\/farben\\\/\"]}]},{\"@type\":\"BreadcrumbList\",\"@id\":\"https:\\\/\\\/www.glasundbeschlag.de\\\/beratung\\\/glossar\\\/farben\\\/#breadcrumb\",\"itemListElement\":[{\"@type\":\"ListItem\",\"position\":1,\"name\":\"Home\",\"item\":\"https:\\\/\\\/www.glasundbeschlag.de\\\/beratung\\\/\"},{\"@type\":\"ListItem\",\"position\":2,\"name\":\"Glossary Terms\",\"item\":\"https:\\\/\\\/www.glasundbeschlag.de\\\/beratung\\\/glossar\\\/\"},{\"@type\":\"ListItem\",\"position\":3,\"name\":\"F\",\"item\":\"https:\\\/\\\/www.glasundbeschlag.de\\\/beratung\\\/glossar-cat\\\/f\\\/\"},{\"@type\":\"ListItem\",\"position\":4,\"name\":\"Glasfarben\"}]},{\"@type\":\"WebSite\",\"@id\":\"https:\\\/\\\/www.glasundbeschlag.de\\\/beratung\\\/#website\",\"url\":\"https:\\\/\\\/www.glasundbeschlag.de\\\/beratung\\\/\",\"name\":\"Beratung und Informationen zu Glas und Beschlagstechnik\",\"description\":\"\",\"publisher\":{\"@id\":\"https:\\\/\\\/www.glasundbeschlag.de\\\/beratung\\\/#organization\"},\"potentialAction\":[{\"@type\":\"SearchAction\",\"target\":{\"@type\":\"EntryPoint\",\"urlTemplate\":\"https:\\\/\\\/www.glasundbeschlag.de\\\/beratung\\\/?s={search_term_string}\"},\"query-input\":{\"@type\":\"PropertyValueSpecification\",\"valueRequired\":true,\"valueName\":\"search_term_string\"}}],\"inLanguage\":\"de\"},{\"@type\":\"Organization\",\"@id\":\"https:\\\/\\\/www.glasundbeschlag.de\\\/beratung\\\/#organization\",\"name\":\"GLASundBESCHLAG.de GmbH\",\"url\":\"https:\\\/\\\/www.glasundbeschlag.de\\\/beratung\\\/\",\"logo\":{\"@type\":\"ImageObject\",\"inLanguage\":\"de\",\"@id\":\"https:\\\/\\\/www.glasundbeschlag.de\\\/beratung\\\/#\\\/schema\\\/logo\\\/image\\\/\",\"url\":\"https:\\\/\\\/www.glasundbeschlag.de\\\/beratung\\\/wp-content\\\/uploads\\\/gub-logo.png\",\"contentUrl\":\"https:\\\/\\\/www.glasundbeschlag.de\\\/beratung\\\/wp-content\\\/uploads\\\/gub-logo.png\",\"width\":640,\"height\":360,\"caption\":\"GLASundBESCHLAG.de GmbH\"},\"image\":{\"@id\":\"https:\\\/\\\/www.glasundbeschlag.de\\\/beratung\\\/#\\\/schema\\\/logo\\\/image\\\/\"},\"sameAs\":[\"https:\\\/\\\/www.facebook.com\\\/glasundbeschlag.de\\\/\",\"https:\\\/\\\/www.instagram.com\\\/glasundbeschlag.de\\\/\"]},{\"@type\":\"Person\",\"@id\":\"https:\\\/\\\/www.glasundbeschlag.de\\\/beratung\\\/#\\\/schema\\\/person\\\/76487cc8b77a0fdc29aaf2c792cf7c48\",\"name\":\"GLASundBESCHLAG.de\",\"sameAs\":[\"https:\\\/\\\/blog.glasundbeschlag.de\"]}]}<\/script>\n<!-- \/ Yoast SEO plugin. -->","yoast_head_json":{"title":"Farben - Beratung und Informationen zu Glas und Beschlagstechnik","description":"Entdecken Sie die farbliche Vielfalt in der Gestaltung von Glas und Beschl\u00e4gen mit modernen Techniken und individuellen Designs. Informieren Sie sich jetzt","robots":{"index":"index","follow":"follow","max-snippet":"max-snippet:-1","max-image-preview":"max-image-preview:large","max-video-preview":"max-video-preview:-1"},"canonical":"https:\/\/www.glasundbeschlag.de\/beratung\/glossar\/farben\/","og_locale":"de_DE","og_type":"article","og_title":"Farben","og_description":"Entdecken Sie die farbliche Vielfalt in der Gestaltung von Glas und Beschl\u00e4gen mit modernen Techniken und individuellen Designs. Informieren Sie sich jetzt","og_url":"https:\/\/www.glasundbeschlag.de\/beratung\/glossar\/farben\/","og_site_name":"Beratung und Informationen zu Glas und Beschlagstechnik","article_publisher":"https:\/\/www.facebook.com\/glasundbeschlag.de\/","article_modified_time":"2025-10-28T13:50:25+00:00","twitter_card":"summary_large_image","twitter_title":"84","twitter_description":"Entdecken Sie die farbliche Vielfalt in der Gestaltung von Glas und Beschl\u00e4gen mit modernen Techniken und individuellen Designs. Informieren Sie sich jetzt","twitter_misc":{"Gesch\u00e4tzte Lesezeit":"2\u00a0Minuten"},"schema":{"@context":"https:\/\/schema.org","@graph":[{"@type":"TechArticle","@id":"https:\/\/www.glasundbeschlag.de\/beratung\/glossar\/farben\/#article","isPartOf":{"@id":"https:\/\/www.glasundbeschlag.de\/beratung\/glossar\/farben\/"},"author":{"name":"GLASundBESCHLAG.de","@id":"https:\/\/www.glasundbeschlag.de\/beratung\/#\/schema\/person\/76487cc8b77a0fdc29aaf2c792cf7c48"},"headline":"Glasfarben","datePublished":"2024-02-19T09:41:01+00:00","dateModified":"2025-10-28T13:50:25+00:00","mainEntityOfPage":{"@id":"https:\/\/www.glasundbeschlag.de\/beratung\/glossar\/farben\/"},"wordCount":197,"publisher":{"@id":"https:\/\/www.glasundbeschlag.de\/beratung\/#organization"},"inLanguage":"de"},{"@type":"WebPage","@id":"https:\/\/www.glasundbeschlag.de\/beratung\/glossar\/farben\/","url":"https:\/\/www.glasundbeschlag.de\/beratung\/glossar\/farben\/","name":"Farben - Beratung und Informationen zu Glas und Beschlagstechnik","isPartOf":{"@id":"https:\/\/www.glasundbeschlag.de\/beratung\/#website"},"datePublished":"2024-02-19T09:41:01+00:00","dateModified":"2025-10-28T13:50:25+00:00","description":"Entdecken Sie die farbliche Vielfalt in der Gestaltung von Glas und Beschl\u00e4gen mit modernen Techniken und individuellen Designs. Informieren Sie sich jetzt","breadcrumb":{"@id":"https:\/\/www.glasundbeschlag.de\/beratung\/glossar\/farben\/#breadcrumb"},"inLanguage":"de","potentialAction":[{"@type":"ReadAction","target":["https:\/\/www.glasundbeschlag.de\/beratung\/glossar\/farben\/"]}]},{"@type":"BreadcrumbList","@id":"https:\/\/www.glasundbeschlag.de\/beratung\/glossar\/farben\/#breadcrumb","itemListElement":[{"@type":"ListItem","position":1,"name":"Home","item":"https:\/\/www.glasundbeschlag.de\/beratung\/"},{"@type":"ListItem","position":2,"name":"Glossary Terms","item":"https:\/\/www.glasundbeschlag.de\/beratung\/glossar\/"},{"@type":"ListItem","position":3,"name":"F","item":"https:\/\/www.glasundbeschlag.de\/beratung\/glossar-cat\/f\/"},{"@type":"ListItem","position":4,"name":"Glasfarben"}]},{"@type":"WebSite","@id":"https:\/\/www.glasundbeschlag.de\/beratung\/#website","url":"https:\/\/www.glasundbeschlag.de\/beratung\/","name":"Beratung und Informationen zu Glas und Beschlagstechnik","description":"","publisher":{"@id":"https:\/\/www.glasundbeschlag.de\/beratung\/#organization"},"potentialAction":[{"@type":"SearchAction","target":{"@type":"EntryPoint","urlTemplate":"https:\/\/www.glasundbeschlag.de\/beratung\/?s={search_term_string}"},"query-input":{"@type":"PropertyValueSpecification","valueRequired":true,"valueName":"search_term_string"}}],"inLanguage":"de"},{"@type":"Organization","@id":"https:\/\/www.glasundbeschlag.de\/beratung\/#organization","name":"GLASundBESCHLAG.de GmbH","url":"https:\/\/www.glasundbeschlag.de\/beratung\/","logo":{"@type":"ImageObject","inLanguage":"de","@id":"https:\/\/www.glasundbeschlag.de\/beratung\/#\/schema\/logo\/image\/","url":"https:\/\/www.glasundbeschlag.de\/beratung\/wp-content\/uploads\/gub-logo.png","contentUrl":"https:\/\/www.glasundbeschlag.de\/beratung\/wp-content\/uploads\/gub-logo.png","width":640,"height":360,"caption":"GLASundBESCHLAG.de GmbH"},"image":{"@id":"https:\/\/www.glasundbeschlag.de\/beratung\/#\/schema\/logo\/image\/"},"sameAs":["https:\/\/www.facebook.com\/glasundbeschlag.de\/","https:\/\/www.instagram.com\/glasundbeschlag.de\/"]},{"@type":"Person","@id":"https:\/\/www.glasundbeschlag.de\/beratung\/#\/schema\/person\/76487cc8b77a0fdc29aaf2c792cf7c48","name":"GLASundBESCHLAG.de","sameAs":["https:\/\/blog.glasundbeschlag.de"]}]}},"_links":{"self":[{"href":"https:\/\/www.glasundbeschlag.de\/beratung\/wp-json\/wp\/v2\/glossary\/2155","targetHints":{"allow":["GET"]}}],"collection":[{"href":"https:\/\/www.glasundbeschlag.de\/beratung\/wp-json\/wp\/v2\/glossary"}],"about":[{"href":"https:\/\/www.glasundbeschlag.de\/beratung\/wp-json\/wp\/v2\/types\/glossary"}],"author":[{"embeddable":true,"href":"https:\/\/www.glasundbeschlag.de\/beratung\/wp-json\/wp\/v2\/users\/1"}],"version-history":[{"count":9,"href":"https:\/\/www.glasundbeschlag.de\/beratung\/wp-json\/wp\/v2\/glossary\/2155\/revisions"}],"predecessor-version":[{"id":129684,"href":"https:\/\/www.glasundbeschlag.de\/beratung\/wp-json\/wp\/v2\/glossary\/2155\/revisions\/129684"}],"wp:attachment":[{"href":"https:\/\/www.glasundbeschlag.de\/beratung\/wp-json\/wp\/v2\/media?parent=2155"}],"wp:term":[{"taxonomy":"glossary-cat","embeddable":true,"href":"https:\/\/www.glasundbeschlag.de\/beratung\/wp-json\/wp\/v2\/glossary-cat?post=2155"}],"curies":[{"name":"wp","href":"https:\/\/api.w.org\/{rel}","templated":true}]}}