{"id":2165,"date":"2024-02-19T10:41:01","date_gmt":"2024-02-19T09:41:01","guid":{"rendered":"https:\/\/blog.glasundbeschlag.de\/glossary\/franzoesischer-balkon\/"},"modified":"2025-06-11T08:27:24","modified_gmt":"2025-06-11T06:27:24","slug":"franzoesischer-balkon","status":"publish","type":"glossary","link":"https:\/\/www.glasundbeschlag.de\/beratung\/glossar\/franzoesischer-balkon\/","title":{"rendered":"Franz\u00f6sischer Balkon"},"content":{"rendered":"<h2>Was ist ein Franz\u00f6sischer Balkon?<\/h2>\n<figure id=\"attachment_128115\" aria-describedby=\"caption-attachment-128115\" style=\"width: 1000px\" class=\"wp-caption alignnone\"><img fetchpriority=\"high\" decoding=\"async\" class=\"size-full wp-image-128115\" src=\"https:\/\/www.glasundbeschlag.de\/beratung\/wp-content\/uploads\/pauli-franz-balkon-1.jpg\" alt=\"Franz\u00f6sischer Balkon\" width=\"1000\" height=\"1000\" srcset=\"https:\/\/www.glasundbeschlag.de\/beratung\/wp-content\/uploads\/pauli-franz-balkon-1.jpg 1000w, https:\/\/www.glasundbeschlag.de\/beratung\/wp-content\/uploads\/pauli-franz-balkon-1-300x300.jpg 300w, https:\/\/www.glasundbeschlag.de\/beratung\/wp-content\/uploads\/pauli-franz-balkon-1-150x150.jpg 150w, https:\/\/www.glasundbeschlag.de\/beratung\/wp-content\/uploads\/pauli-franz-balkon-1-768x768.jpg 768w\" sizes=\"(max-width: 1000px) 100vw, 1000px\" \/><figcaption id=\"caption-attachment-128115\" class=\"wp-caption-text\">Foto: Ein franz\u00f6sischer Balkon<\/figcaption><\/figure>\n<p>Ein franz\u00f6sischer Balkon ist eine Art von Absturzsicherung, die speziell f\u00fcr bodentiefe Fenster konzipiert ist. Im Gegensatz zu herk\u00f6mmlichen Balkonen, die einen hervorstehenden Au\u00dfenbereich bieten, besteht ein franz\u00f6sischer Balkon lediglich aus einer Gel\u00e4nder- oder Glasbarriere direkt vor dem Fenster. Diese Konstruktion erm\u00f6glicht es, das Fenster vollst\u00e4ndig zu \u00f6ffnen, ohne das Risiko eines Absturzes.<\/p>\n<h3>Design und Transparenz<\/h3>\n<p><a href=\"https:\/\/www.glasundbeschlag.de\/franzoesische-balkone.html\">Franz\u00f6sische Balkone<\/a> werden oft mit Glas gestaltet, um maximale Transparenz und eine ununterbrochene Sicht nach au\u00dfen zu gew\u00e4hrleisten. Diese Art der Gestaltung f\u00fcgt sich nahtlos in die Fassade eines Geb\u00e4udes ein und bietet gleichzeitig Sicherheit. Die Verwendung verschiedener Gl\u00e4ser und Gestaltungsm\u00f6glichkeiten erm\u00f6glicht eine individuelle Anpassung an den architektonischen Stil des Geb\u00e4udes.<\/p>\n<h3>Vielseitigkeit und \u00c4sthetik<\/h3>\n<p>Franz\u00f6sische Balkone sind eine beliebte Wahl in st\u00e4dtischen Wohnungen und H\u00e4usern, wo der Platz f\u00fcr traditionelle Balkone begrenzt ist. Sie bieten eine \u00e4sthetische und praktische L\u00f6sung, um die Sicherheit zu erh\u00f6hen und gleichzeitig das Erscheinungsbild des Geb\u00e4udes zu verbessern. Sie sind besonders geeignet f\u00fcr Renovierungen und Neubauten, wo eine elegante und platzsparende L\u00f6sung gefragt ist.<\/p>\n<p><!--more--><\/p>\n<p style=\"text-align: center;\">W\u00e4hlen Sie einen Buchstaben oder Zahl aus um alle Artikel dieser Kategorie zu sehen.<\/p>\n<p style=\"text-align: center;\"><a href=\"\/beratung\/glossar-cat\/a\/\">A<\/a> |\u00a0<a href=\"\/beratung\/glossar-cat\/b\/\">B<\/a> | <a href=\"\/beratung\/glossar-cat\/c\/\">C<\/a> | <a href=\"\/beratung\/glossar-cat\/d\/\">D<\/a> | <a href=\"\/beratung\/glossar-cat\/e\/\">E<\/a> | <a href=\"\/beratung\/glossar-cat\/f\/\">F<\/a> | <a href=\"\/beratung\/glossar-cat\/g\/\">G<\/a> | <a href=\"\/beratung\/glossar-cat\/h\/\">H<\/a> | <a href=\"\/beratung\/glossar-cat\/i\/\">I<\/a> | <a href=\"\/beratung\/glossar-cat\/j\/\">J<\/a> | <a href=\"\/beratung\/glossar-cat\/k\/\">K<\/a> | <a href=\"\/beratung\/glossar-cat\/l\/\">L<\/a> | <a href=\"\/beratung\/glossar-cat\/m\/\">M<\/a> | <a href=\"\/beratung\/glossar-cat\/n\/\">N<\/a> | <a href=\"\/beratung\/glossar-cat\/o\/\">O<\/a> | <a href=\"\/beratung\/glossar-cat\/p\/\">P<\/a> | <a href=\"\/beratung\/glossar-cat\/q\/\">Q<\/a> | <a href=\"\/beratung\/glossar-cat\/r\/\">R<\/a> | <a href=\"\/beratung\/glossar-cat\/s\/\">S<\/a> | <a href=\"\/beratung\/glossar-cat\/t\/\">T<\/a> | <a href=\"\/beratung\/glossar-cat\/u\/\">U<\/a> | <a href=\"\/beratung\/glossar-cat\/v\/\">V<\/a> | <a href=\"\/beratung\/glossar-cat\/w\/\">W<\/a> | X | Y | <a href=\"\/beratung\/glossar-cat\/z\/\">Z<\/a><\/p>\n<p style=\"text-align: center;\">0 | 1 | <a href=\"\/beratung\/glossar-cat\/2\/\">2<\/a> | 3 | 4 | <a href=\"\/beratung\/glossar-cat\/5\/\">5<\/a> | 6 | 7 | 8 | 9<\/p>\n","protected":false},"excerpt":{"rendered":"<p>Was ist ein Franz\u00f6sischer Balkon? Ein franz\u00f6sischer Balkon ist eine Art von Absturzsicherung, die speziell f\u00fcr bodentiefe Fenster konzipiert ist. [&hellip;]<\/p>\n","protected":false},"author":1,"featured_media":0,"parent":0,"template":"","meta":{"site-sidebar-layout":"default","site-content-layout":"","ast-site-content-layout":"default","site-content-style":"default","site-sidebar-style":"default","ast-global-header-display":"","ast-banner-title-visibility":"","ast-main-header-display":"","ast-hfb-above-header-display":"","ast-hfb-below-header-display":"","ast-hfb-mobile-header-display":"","site-post-title":"","ast-breadcrumbs-content":"","ast-featured-img":"","footer-sml-layout":"","theme-transparent-header-meta":"default","adv-header-id-meta":"","stick-header-meta":"","header-above-stick-meta":"","header-main-stick-meta":"","header-below-stick-meta":"","astra-migrate-meta-layouts":"set","ast-page-background-enabled":"default","ast-page-background-meta":{"desktop":{"background-color":"var(--ast-global-color-4)","background-image":"","background-repeat":"repeat","background-position":"center center","background-size":"auto","background-attachment":"scroll","background-type":"","background-media":"","overlay-type":"","overlay-color":"","overlay-opacity":"","overlay-gradient":""},"tablet":{"background-color":"","background-image":"","background-repeat":"repeat","background-position":"center center","background-size":"auto","background-attachment":"scroll","background-type":"","background-media":"","overlay-type":"","overlay-color":"","overlay-opacity":"","overlay-gradient":""},"mobile":{"background-color":"","background-image":"","background-repeat":"repeat","background-position":"center center","background-size":"auto","background-attachment":"scroll","background-type":"","background-media":"","overlay-type":"","overlay-color":"","overlay-opacity":"","overlay-gradient":""}},"ast-content-background-meta":{"desktop":{"background-color":"var(--ast-global-color-5)","background-image":"","background-repeat":"repeat","background-position":"center center","background-size":"auto","background-attachment":"scroll","background-type":"","background-media":"","overlay-type":"","overlay-color":"","overlay-opacity":"","overlay-gradient":""},"tablet":{"background-color":"var(--ast-global-color-5)","background-image":"","background-repeat":"repeat","background-position":"center center","background-size":"auto","background-attachment":"scroll","background-type":"","background-media":"","overlay-type":"","overlay-color":"","overlay-opacity":"","overlay-gradient":""},"mobile":{"background-color":"var(--ast-global-color-5)","background-image":"","background-repeat":"repeat","background-position":"center center","background-size":"auto","background-attachment":"scroll","background-type":"","background-media":"","overlay-type":"","overlay-color":"","overlay-opacity":"","overlay-gradient":""}},"footnotes":""},"glossary-cat":[594],"class_list":["post-2165","glossary","type-glossary","status-publish","hentry","glossary-cat-f"],"yoast_head":"<!-- This site is optimized with the Yoast SEO plugin v27.5 - https:\/\/yoast.com\/product\/yoast-seo-wordpress\/ -->\n<title>Was ist ein Franz\u00f6sischer Balkon? - Beratung und Informationen zu Glas und Beschlagstechnik<\/title>\n<meta name=\"description\" content=\"Franz\u00f6sischer Balkon: Elegante, platzsparende Absturzsicherung f\u00fcr bodentiefe Fenster, ideal f\u00fcr moderne Architektur und Stadtwohnungen.\" \/>\n<meta name=\"robots\" content=\"index, follow, max-snippet:-1, max-image-preview:large, max-video-preview:-1\" \/>\n<link rel=\"canonical\" href=\"https:\/\/www.glasundbeschlag.de\/beratung\/glossar\/franzoesischer-balkon\/\" \/>\n<meta property=\"og:locale\" content=\"de_DE\" \/>\n<meta property=\"og:type\" content=\"article\" \/>\n<meta property=\"og:title\" content=\"franzoesischer-Balkon\" \/>\n<meta property=\"og:description\" content=\"Franz\u00f6sischer Balkon: Elegante, platzsparende Absturzsicherung f\u00fcr bodentiefe Fenster, ideal f\u00fcr moderne Architektur und Stadtwohnungen.\" \/>\n<meta property=\"og:url\" content=\"https:\/\/www.glasundbeschlag.de\/beratung\/glossar\/franzoesischer-balkon\/\" \/>\n<meta property=\"og:site_name\" content=\"Beratung und Informationen zu Glas und Beschlagstechnik\" \/>\n<meta property=\"article:publisher\" content=\"https:\/\/www.facebook.com\/glasundbeschlag.de\/\" \/>\n<meta property=\"article:modified_time\" content=\"2025-06-11T06:27:24+00:00\" \/>\n<meta property=\"og:image\" content=\"https:\/\/www.glasundbeschlag.de\/beratung\/wp-content\/uploads\/pauli-franz-balkon-1.jpg\" \/>\n\t<meta property=\"og:image:width\" content=\"1000\" \/>\n\t<meta property=\"og:image:height\" content=\"1000\" \/>\n\t<meta property=\"og:image:type\" content=\"image\/jpeg\" \/>\n<meta name=\"twitter:card\" content=\"summary_large_image\" \/>\n<meta name=\"twitter:title\" content=\"94\" \/>\n<meta name=\"twitter:description\" content=\"Franz\u00f6sischer Balkon: Elegante, platzsparende Absturzsicherung f\u00fcr bodentiefe Fenster, ideal f\u00fcr moderne Architektur und Stadtwohnungen.\" \/>\n<meta name=\"twitter:label1\" content=\"Gesch\u00e4tzte Lesezeit\" \/>\n\t<meta name=\"twitter:data1\" content=\"2\u00a0Minuten\" \/>\n<script type=\"application\/ld+json\" class=\"yoast-schema-graph\">{\"@context\":\"https:\\\/\\\/schema.org\",\"@graph\":[{\"@type\":\"TechArticle\",\"@id\":\"https:\\\/\\\/www.glasundbeschlag.de\\\/beratung\\\/glossar\\\/franzoesischer-balkon\\\/#article\",\"isPartOf\":{\"@id\":\"https:\\\/\\\/www.glasundbeschlag.de\\\/beratung\\\/glossar\\\/franzoesischer-balkon\\\/\"},\"author\":{\"name\":\"GLASundBESCHLAG.de\",\"@id\":\"https:\\\/\\\/www.glasundbeschlag.de\\\/beratung\\\/#\\\/schema\\\/person\\\/76487cc8b77a0fdc29aaf2c792cf7c48\"},\"headline\":\"Franz\u00f6sischer Balkon\",\"datePublished\":\"2024-02-19T09:41:01+00:00\",\"dateModified\":\"2025-06-11T06:27:24+00:00\",\"mainEntityOfPage\":{\"@id\":\"https:\\\/\\\/www.glasundbeschlag.de\\\/beratung\\\/glossar\\\/franzoesischer-balkon\\\/\"},\"wordCount\":253,\"publisher\":{\"@id\":\"https:\\\/\\\/www.glasundbeschlag.de\\\/beratung\\\/#organization\"},\"image\":{\"@id\":\"https:\\\/\\\/www.glasundbeschlag.de\\\/beratung\\\/glossar\\\/franzoesischer-balkon\\\/#primaryimage\"},\"thumbnailUrl\":\"https:\\\/\\\/www.glasundbeschlag.de\\\/beratung\\\/wp-content\\\/uploads\\\/pauli-franz-balkon-1.jpg\",\"inLanguage\":\"de\"},{\"@type\":\"WebPage\",\"@id\":\"https:\\\/\\\/www.glasundbeschlag.de\\\/beratung\\\/glossar\\\/franzoesischer-balkon\\\/\",\"url\":\"https:\\\/\\\/www.glasundbeschlag.de\\\/beratung\\\/glossar\\\/franzoesischer-balkon\\\/\",\"name\":\"Was ist ein Franz\u00f6sischer Balkon? - Beratung und Informationen zu Glas und Beschlagstechnik\",\"isPartOf\":{\"@id\":\"https:\\\/\\\/www.glasundbeschlag.de\\\/beratung\\\/#website\"},\"primaryImageOfPage\":{\"@id\":\"https:\\\/\\\/www.glasundbeschlag.de\\\/beratung\\\/glossar\\\/franzoesischer-balkon\\\/#primaryimage\"},\"image\":{\"@id\":\"https:\\\/\\\/www.glasundbeschlag.de\\\/beratung\\\/glossar\\\/franzoesischer-balkon\\\/#primaryimage\"},\"thumbnailUrl\":\"https:\\\/\\\/www.glasundbeschlag.de\\\/beratung\\\/wp-content\\\/uploads\\\/pauli-franz-balkon-1.jpg\",\"datePublished\":\"2024-02-19T09:41:01+00:00\",\"dateModified\":\"2025-06-11T06:27:24+00:00\",\"description\":\"Franz\u00f6sischer Balkon: Elegante, platzsparende Absturzsicherung f\u00fcr bodentiefe Fenster, ideal f\u00fcr moderne Architektur und Stadtwohnungen.\",\"breadcrumb\":{\"@id\":\"https:\\\/\\\/www.glasundbeschlag.de\\\/beratung\\\/glossar\\\/franzoesischer-balkon\\\/#breadcrumb\"},\"inLanguage\":\"de\",\"potentialAction\":[{\"@type\":\"ReadAction\",\"target\":[\"https:\\\/\\\/www.glasundbeschlag.de\\\/beratung\\\/glossar\\\/franzoesischer-balkon\\\/\"]}]},{\"@type\":\"ImageObject\",\"inLanguage\":\"de\",\"@id\":\"https:\\\/\\\/www.glasundbeschlag.de\\\/beratung\\\/glossar\\\/franzoesischer-balkon\\\/#primaryimage\",\"url\":\"https:\\\/\\\/www.glasundbeschlag.de\\\/beratung\\\/wp-content\\\/uploads\\\/pauli-franz-balkon-1.jpg\",\"contentUrl\":\"https:\\\/\\\/www.glasundbeschlag.de\\\/beratung\\\/wp-content\\\/uploads\\\/pauli-franz-balkon-1.jpg\",\"width\":1000,\"height\":1000,\"caption\":\"Foto: Ein franz\u00f6sischer Balkon\"},{\"@type\":\"BreadcrumbList\",\"@id\":\"https:\\\/\\\/www.glasundbeschlag.de\\\/beratung\\\/glossar\\\/franzoesischer-balkon\\\/#breadcrumb\",\"itemListElement\":[{\"@type\":\"ListItem\",\"position\":1,\"name\":\"Home\",\"item\":\"https:\\\/\\\/www.glasundbeschlag.de\\\/beratung\\\/\"},{\"@type\":\"ListItem\",\"position\":2,\"name\":\"Glossary Terms\",\"item\":\"https:\\\/\\\/www.glasundbeschlag.de\\\/beratung\\\/glossar\\\/\"},{\"@type\":\"ListItem\",\"position\":3,\"name\":\"F\",\"item\":\"https:\\\/\\\/www.glasundbeschlag.de\\\/beratung\\\/glossar-cat\\\/f\\\/\"},{\"@type\":\"ListItem\",\"position\":4,\"name\":\"Franz\u00f6sischer Balkon\"}]},{\"@type\":\"WebSite\",\"@id\":\"https:\\\/\\\/www.glasundbeschlag.de\\\/beratung\\\/#website\",\"url\":\"https:\\\/\\\/www.glasundbeschlag.de\\\/beratung\\\/\",\"name\":\"Beratung und Informationen zu Glas und Beschlagstechnik\",\"description\":\"\",\"publisher\":{\"@id\":\"https:\\\/\\\/www.glasundbeschlag.de\\\/beratung\\\/#organization\"},\"potentialAction\":[{\"@type\":\"SearchAction\",\"target\":{\"@type\":\"EntryPoint\",\"urlTemplate\":\"https:\\\/\\\/www.glasundbeschlag.de\\\/beratung\\\/?s={search_term_string}\"},\"query-input\":{\"@type\":\"PropertyValueSpecification\",\"valueRequired\":true,\"valueName\":\"search_term_string\"}}],\"inLanguage\":\"de\"},{\"@type\":\"Organization\",\"@id\":\"https:\\\/\\\/www.glasundbeschlag.de\\\/beratung\\\/#organization\",\"name\":\"GLASundBESCHLAG.de GmbH\",\"url\":\"https:\\\/\\\/www.glasundbeschlag.de\\\/beratung\\\/\",\"logo\":{\"@type\":\"ImageObject\",\"inLanguage\":\"de\",\"@id\":\"https:\\\/\\\/www.glasundbeschlag.de\\\/beratung\\\/#\\\/schema\\\/logo\\\/image\\\/\",\"url\":\"https:\\\/\\\/www.glasundbeschlag.de\\\/beratung\\\/wp-content\\\/uploads\\\/gub-logo.png\",\"contentUrl\":\"https:\\\/\\\/www.glasundbeschlag.de\\\/beratung\\\/wp-content\\\/uploads\\\/gub-logo.png\",\"width\":640,\"height\":360,\"caption\":\"GLASundBESCHLAG.de GmbH\"},\"image\":{\"@id\":\"https:\\\/\\\/www.glasundbeschlag.de\\\/beratung\\\/#\\\/schema\\\/logo\\\/image\\\/\"},\"sameAs\":[\"https:\\\/\\\/www.facebook.com\\\/glasundbeschlag.de\\\/\",\"https:\\\/\\\/www.instagram.com\\\/glasundbeschlag.de\\\/\"]},{\"@type\":\"Person\",\"@id\":\"https:\\\/\\\/www.glasundbeschlag.de\\\/beratung\\\/#\\\/schema\\\/person\\\/76487cc8b77a0fdc29aaf2c792cf7c48\",\"name\":\"GLASundBESCHLAG.de\",\"sameAs\":[\"https:\\\/\\\/blog.glasundbeschlag.de\"]}]}<\/script>\n<!-- \/ Yoast SEO plugin. -->","yoast_head_json":{"title":"Was ist ein Franz\u00f6sischer Balkon? - Beratung und Informationen zu Glas und Beschlagstechnik","description":"Franz\u00f6sischer Balkon: Elegante, platzsparende Absturzsicherung f\u00fcr bodentiefe Fenster, ideal f\u00fcr moderne Architektur und Stadtwohnungen.","robots":{"index":"index","follow":"follow","max-snippet":"max-snippet:-1","max-image-preview":"max-image-preview:large","max-video-preview":"max-video-preview:-1"},"canonical":"https:\/\/www.glasundbeschlag.de\/beratung\/glossar\/franzoesischer-balkon\/","og_locale":"de_DE","og_type":"article","og_title":"franzoesischer-Balkon","og_description":"Franz\u00f6sischer Balkon: Elegante, platzsparende Absturzsicherung f\u00fcr bodentiefe Fenster, ideal f\u00fcr moderne Architektur und Stadtwohnungen.","og_url":"https:\/\/www.glasundbeschlag.de\/beratung\/glossar\/franzoesischer-balkon\/","og_site_name":"Beratung und Informationen zu Glas und Beschlagstechnik","article_publisher":"https:\/\/www.facebook.com\/glasundbeschlag.de\/","article_modified_time":"2025-06-11T06:27:24+00:00","og_image":[{"width":1000,"height":1000,"url":"https:\/\/www.glasundbeschlag.de\/beratung\/wp-content\/uploads\/pauli-franz-balkon-1.jpg","type":"image\/jpeg"}],"twitter_card":"summary_large_image","twitter_title":"94","twitter_description":"Franz\u00f6sischer Balkon: Elegante, platzsparende Absturzsicherung f\u00fcr bodentiefe Fenster, ideal f\u00fcr moderne Architektur und Stadtwohnungen.","twitter_misc":{"Gesch\u00e4tzte Lesezeit":"2\u00a0Minuten"},"schema":{"@context":"https:\/\/schema.org","@graph":[{"@type":"TechArticle","@id":"https:\/\/www.glasundbeschlag.de\/beratung\/glossar\/franzoesischer-balkon\/#article","isPartOf":{"@id":"https:\/\/www.glasundbeschlag.de\/beratung\/glossar\/franzoesischer-balkon\/"},"author":{"name":"GLASundBESCHLAG.de","@id":"https:\/\/www.glasundbeschlag.de\/beratung\/#\/schema\/person\/76487cc8b77a0fdc29aaf2c792cf7c48"},"headline":"Franz\u00f6sischer Balkon","datePublished":"2024-02-19T09:41:01+00:00","dateModified":"2025-06-11T06:27:24+00:00","mainEntityOfPage":{"@id":"https:\/\/www.glasundbeschlag.de\/beratung\/glossar\/franzoesischer-balkon\/"},"wordCount":253,"publisher":{"@id":"https:\/\/www.glasundbeschlag.de\/beratung\/#organization"},"image":{"@id":"https:\/\/www.glasundbeschlag.de\/beratung\/glossar\/franzoesischer-balkon\/#primaryimage"},"thumbnailUrl":"https:\/\/www.glasundbeschlag.de\/beratung\/wp-content\/uploads\/pauli-franz-balkon-1.jpg","inLanguage":"de"},{"@type":"WebPage","@id":"https:\/\/www.glasundbeschlag.de\/beratung\/glossar\/franzoesischer-balkon\/","url":"https:\/\/www.glasundbeschlag.de\/beratung\/glossar\/franzoesischer-balkon\/","name":"Was ist ein Franz\u00f6sischer Balkon? - Beratung und Informationen zu Glas und Beschlagstechnik","isPartOf":{"@id":"https:\/\/www.glasundbeschlag.de\/beratung\/#website"},"primaryImageOfPage":{"@id":"https:\/\/www.glasundbeschlag.de\/beratung\/glossar\/franzoesischer-balkon\/#primaryimage"},"image":{"@id":"https:\/\/www.glasundbeschlag.de\/beratung\/glossar\/franzoesischer-balkon\/#primaryimage"},"thumbnailUrl":"https:\/\/www.glasundbeschlag.de\/beratung\/wp-content\/uploads\/pauli-franz-balkon-1.jpg","datePublished":"2024-02-19T09:41:01+00:00","dateModified":"2025-06-11T06:27:24+00:00","description":"Franz\u00f6sischer Balkon: Elegante, platzsparende Absturzsicherung f\u00fcr bodentiefe Fenster, ideal f\u00fcr moderne Architektur und Stadtwohnungen.","breadcrumb":{"@id":"https:\/\/www.glasundbeschlag.de\/beratung\/glossar\/franzoesischer-balkon\/#breadcrumb"},"inLanguage":"de","potentialAction":[{"@type":"ReadAction","target":["https:\/\/www.glasundbeschlag.de\/beratung\/glossar\/franzoesischer-balkon\/"]}]},{"@type":"ImageObject","inLanguage":"de","@id":"https:\/\/www.glasundbeschlag.de\/beratung\/glossar\/franzoesischer-balkon\/#primaryimage","url":"https:\/\/www.glasundbeschlag.de\/beratung\/wp-content\/uploads\/pauli-franz-balkon-1.jpg","contentUrl":"https:\/\/www.glasundbeschlag.de\/beratung\/wp-content\/uploads\/pauli-franz-balkon-1.jpg","width":1000,"height":1000,"caption":"Foto: Ein franz\u00f6sischer Balkon"},{"@type":"BreadcrumbList","@id":"https:\/\/www.glasundbeschlag.de\/beratung\/glossar\/franzoesischer-balkon\/#breadcrumb","itemListElement":[{"@type":"ListItem","position":1,"name":"Home","item":"https:\/\/www.glasundbeschlag.de\/beratung\/"},{"@type":"ListItem","position":2,"name":"Glossary Terms","item":"https:\/\/www.glasundbeschlag.de\/beratung\/glossar\/"},{"@type":"ListItem","position":3,"name":"F","item":"https:\/\/www.glasundbeschlag.de\/beratung\/glossar-cat\/f\/"},{"@type":"ListItem","position":4,"name":"Franz\u00f6sischer Balkon"}]},{"@type":"WebSite","@id":"https:\/\/www.glasundbeschlag.de\/beratung\/#website","url":"https:\/\/www.glasundbeschlag.de\/beratung\/","name":"Beratung und Informationen zu Glas und Beschlagstechnik","description":"","publisher":{"@id":"https:\/\/www.glasundbeschlag.de\/beratung\/#organization"},"potentialAction":[{"@type":"SearchAction","target":{"@type":"EntryPoint","urlTemplate":"https:\/\/www.glasundbeschlag.de\/beratung\/?s={search_term_string}"},"query-input":{"@type":"PropertyValueSpecification","valueRequired":true,"valueName":"search_term_string"}}],"inLanguage":"de"},{"@type":"Organization","@id":"https:\/\/www.glasundbeschlag.de\/beratung\/#organization","name":"GLASundBESCHLAG.de GmbH","url":"https:\/\/www.glasundbeschlag.de\/beratung\/","logo":{"@type":"ImageObject","inLanguage":"de","@id":"https:\/\/www.glasundbeschlag.de\/beratung\/#\/schema\/logo\/image\/","url":"https:\/\/www.glasundbeschlag.de\/beratung\/wp-content\/uploads\/gub-logo.png","contentUrl":"https:\/\/www.glasundbeschlag.de\/beratung\/wp-content\/uploads\/gub-logo.png","width":640,"height":360,"caption":"GLASundBESCHLAG.de GmbH"},"image":{"@id":"https:\/\/www.glasundbeschlag.de\/beratung\/#\/schema\/logo\/image\/"},"sameAs":["https:\/\/www.facebook.com\/glasundbeschlag.de\/","https:\/\/www.instagram.com\/glasundbeschlag.de\/"]},{"@type":"Person","@id":"https:\/\/www.glasundbeschlag.de\/beratung\/#\/schema\/person\/76487cc8b77a0fdc29aaf2c792cf7c48","name":"GLASundBESCHLAG.de","sameAs":["https:\/\/blog.glasundbeschlag.de"]}]}},"_links":{"self":[{"href":"https:\/\/www.glasundbeschlag.de\/beratung\/wp-json\/wp\/v2\/glossary\/2165","targetHints":{"allow":["GET"]}}],"collection":[{"href":"https:\/\/www.glasundbeschlag.de\/beratung\/wp-json\/wp\/v2\/glossary"}],"about":[{"href":"https:\/\/www.glasundbeschlag.de\/beratung\/wp-json\/wp\/v2\/types\/glossary"}],"author":[{"embeddable":true,"href":"https:\/\/www.glasundbeschlag.de\/beratung\/wp-json\/wp\/v2\/users\/1"}],"version-history":[{"count":7,"href":"https:\/\/www.glasundbeschlag.de\/beratung\/wp-json\/wp\/v2\/glossary\/2165\/revisions"}],"predecessor-version":[{"id":128116,"href":"https:\/\/www.glasundbeschlag.de\/beratung\/wp-json\/wp\/v2\/glossary\/2165\/revisions\/128116"}],"wp:attachment":[{"href":"https:\/\/www.glasundbeschlag.de\/beratung\/wp-json\/wp\/v2\/media?parent=2165"}],"wp:term":[{"taxonomy":"glossary-cat","embeddable":true,"href":"https:\/\/www.glasundbeschlag.de\/beratung\/wp-json\/wp\/v2\/glossary-cat?post=2165"}],"curies":[{"name":"wp","href":"https:\/\/api.w.org\/{rel}","templated":true}]}}