{"id":2291,"date":"2024-02-19T10:41:20","date_gmt":"2024-02-19T09:41:20","guid":{"rendered":"https:\/\/blog.glasundbeschlag.de\/glossary\/studio-private-line\/"},"modified":"2024-02-21T14:00:08","modified_gmt":"2024-02-21T13:00:08","slug":"studio-private-line","status":"publish","type":"glossary","link":"https:\/\/www.glasundbeschlag.de\/beratung\/glossar\/studio-private-line\/","title":{"rendered":"Studio Private Line"},"content":{"rendered":"<h2>Was ist Studio Private Line?<\/h2>\n<p>Studio Private Line von <a href=\"https:\/\/www.glasundbeschlag.de\/wss.html\">WSS<\/a> ist eine Serie von <a href=\"https:\/\/www.glasundbeschlag.de\/beschlaege.html\">Glasbeschl\u00e4gen<\/a>, die speziell f\u00fcr das Einh\u00e4ngen von T\u00fcren in <a href=\"\/beratung\/glossar\/zarge\/\">Zargen<\/a> entwickelt wurden. Diese Beschl\u00e4ge zeichnen sich durch ihren umlaufenden Schr\u00e4gschliff in Art eines Facettenschliffs im Bereich der Abdeckkappen aus. Die Glasschl\u00f6sser aus der Serie Private Line sind sowohl f\u00fcr den privaten Wohnbereich als auch f\u00fcr den gewerblichen Einsatz geeignet. WSS bietet eine 10-Jahres-Gew\u00e4hrleistung auf die Fallen- und Dr\u00fcckerfunktion, was die hohe Qualit\u00e4t und Langlebigkeit dieser Produkte unterstreicht.<\/p>\n<h3>Anwendung und Vorteile<\/h3>\n<p>Studio Private Line eignet sich hervorragend f\u00fcr anspruchsvolle Innenarchitekturprojekte, bei denen sowohl \u00c4sthetik als auch Funktionalit\u00e4t gefragt sind. Die einzigartige Gestaltung der Beschl\u00e4ge verleiht Glast\u00fcren ein elegantes und modernes Aussehen. Die robuste Konstruktion und die lange Gew\u00e4hrleistung machen diese Serie zu einer zuverl\u00e4ssigen Wahl f\u00fcr verschiedene Einsatzbereiche.<\/p>\n<h3>Kundenfragen und Antworten<\/h3>\n<p><strong>In welchen R\u00e4umen kann die Studio Private Line eingesetzt werden? <\/strong><br \/>\nSie eignet sich sowohl f\u00fcr private Wohnr\u00e4ume als auch f\u00fcr gewerbliche Umgebungen.<\/p>\n<p><strong>Was macht die Studio Private Line besonders? <\/strong><br \/>\nDie markante Gestaltung mit Schr\u00e4gschliff und die hohe Qualit\u00e4t der Beschl\u00e4ge sind charakteristisch.<\/p>\n<p><strong>Bietet WSS eine Garantie auf die Studio Private Line? <\/strong><br \/>\nJa, es gibt eine 10-Jahres-Gew\u00e4hrleistung auf die Fallen- und Dr\u00fcckerfunktion.<\/p>\n<p><!--more--><\/p>\n<p style=\"text-align: center;\">W\u00e4hlen Sie einen Buchstaben oder Zahl aus um alle Artikel dieser Kategorie zu sehen.<\/p>\n<p style=\"text-align: center;\"><a href=\"\/beratung\/glossar-cat\/a\/\">A<\/a> |\u00a0<a href=\"\/beratung\/glossar-cat\/b\/\">B<\/a> | <a href=\"\/beratung\/glossar-cat\/c\/\">C<\/a> | <a href=\"\/beratung\/glossar-cat\/d\/\">D<\/a> | <a href=\"\/beratung\/glossar-cat\/e\/\">E<\/a> | <a href=\"\/beratung\/glossar-cat\/f\/\">F<\/a> | <a href=\"\/beratung\/glossar-cat\/g\/\">G<\/a> | <a href=\"\/beratung\/glossar-cat\/h\/\">H<\/a> | <a href=\"\/beratung\/glossar-cat\/i\/\">I<\/a> | <a href=\"\/beratung\/glossar-cat\/j\/\">J<\/a> | <a href=\"\/beratung\/glossar-cat\/k\/\">K<\/a> | <a href=\"\/beratung\/glossar-cat\/l\/\">L<\/a> | <a href=\"\/beratung\/glossar-cat\/m\/\">M<\/a> | <a href=\"\/beratung\/glossar-cat\/n\/\">N<\/a> | <a href=\"\/beratung\/glossar-cat\/o\/\">O<\/a> | <a href=\"\/beratung\/glossar-cat\/p\/\">P<\/a> | <a href=\"\/beratung\/glossar-cat\/q\/\">Q<\/a> | <a href=\"\/beratung\/glossar-cat\/r\/\">R<\/a> | <a href=\"\/beratung\/glossar-cat\/s\/\">S<\/a> | <a href=\"\/beratung\/glossar-cat\/t\/\">T<\/a> | <a href=\"\/beratung\/glossar-cat\/u\/\">U<\/a> | <a href=\"\/beratung\/glossar-cat\/v\/\">V<\/a> | <a href=\"\/beratung\/glossar-cat\/w\/\">W<\/a> | X | Y | <a href=\"\/beratung\/glossar-cat\/z\/\">Z<\/a><\/p>\n<p style=\"text-align: center;\">0 | 1 | <a href=\"\/beratung\/glossar-cat\/2\/\">2<\/a> | 3 | 4 | <a href=\"\/beratung\/glossar-cat\/5\/\">5<\/a> | 6 | 7 | 8 | 9<\/p>\n","protected":false},"excerpt":{"rendered":"<p>Was ist Studio Private Line? Studio Private Line von WSS ist eine Serie von Glasbeschl\u00e4gen, die speziell f\u00fcr das Einh\u00e4ngen [&hellip;]<\/p>\n","protected":false},"author":1,"featured_media":0,"parent":0,"template":"","meta":{"site-sidebar-layout":"default","site-content-layout":"","ast-site-content-layout":"default","site-content-style":"default","site-sidebar-style":"default","ast-global-header-display":"","ast-banner-title-visibility":"","ast-main-header-display":"","ast-hfb-above-header-display":"","ast-hfb-below-header-display":"","ast-hfb-mobile-header-display":"","site-post-title":"","ast-breadcrumbs-content":"","ast-featured-img":"","footer-sml-layout":"","theme-transparent-header-meta":"default","adv-header-id-meta":"","stick-header-meta":"","header-above-stick-meta":"","header-main-stick-meta":"","header-below-stick-meta":"","astra-migrate-meta-layouts":"set","ast-page-background-enabled":"default","ast-page-background-meta":{"desktop":{"background-color":"var(--ast-global-color-4)","background-image":"","background-repeat":"repeat","background-position":"center center","background-size":"auto","background-attachment":"scroll","background-type":"","background-media":"","overlay-type":"","overlay-color":"","overlay-opacity":"","overlay-gradient":""},"tablet":{"background-color":"","background-image":"","background-repeat":"repeat","background-position":"center center","background-size":"auto","background-attachment":"scroll","background-type":"","background-media":"","overlay-type":"","overlay-color":"","overlay-opacity":"","overlay-gradient":""},"mobile":{"background-color":"","background-image":"","background-repeat":"repeat","background-position":"center center","background-size":"auto","background-attachment":"scroll","background-type":"","background-media":"","overlay-type":"","overlay-color":"","overlay-opacity":"","overlay-gradient":""}},"ast-content-background-meta":{"desktop":{"background-color":"var(--ast-global-color-5)","background-image":"","background-repeat":"repeat","background-position":"center center","background-size":"auto","background-attachment":"scroll","background-type":"","background-media":"","overlay-type":"","overlay-color":"","overlay-opacity":"","overlay-gradient":""},"tablet":{"background-color":"var(--ast-global-color-5)","background-image":"","background-repeat":"repeat","background-position":"center center","background-size":"auto","background-attachment":"scroll","background-type":"","background-media":"","overlay-type":"","overlay-color":"","overlay-opacity":"","overlay-gradient":""},"mobile":{"background-color":"var(--ast-global-color-5)","background-image":"","background-repeat":"repeat","background-position":"center center","background-size":"auto","background-attachment":"scroll","background-type":"","background-media":"","overlay-type":"","overlay-color":"","overlay-opacity":"","overlay-gradient":""}},"footnotes":""},"glossary-cat":[607],"class_list":["post-2291","glossary","type-glossary","status-publish","hentry","glossary-cat-s"],"yoast_head":"<!-- This site is optimized with the Yoast SEO plugin v27.5 - https:\/\/yoast.com\/product\/yoast-seo-wordpress\/ -->\n<title>Was ist Studio Private Line? - Beratung und Informationen zu Glas und Beschlagstechnik<\/title>\n<meta name=\"description\" content=\"Studio Private Line von WSS: Elegante Glasbeschl\u00e4ge f\u00fcr moderne Innenr\u00e4ume, ideal f\u00fcr Wohn- und Gesch\u00e4ftsbereiche.\" \/>\n<meta name=\"robots\" content=\"index, follow, max-snippet:-1, max-image-preview:large, max-video-preview:-1\" \/>\n<link rel=\"canonical\" href=\"https:\/\/www.glasundbeschlag.de\/beratung\/glossar\/studio-private-line\/\" \/>\n<meta property=\"og:locale\" content=\"de_DE\" \/>\n<meta property=\"og:type\" content=\"article\" \/>\n<meta property=\"og:title\" content=\"Studio-Private-Line\" \/>\n<meta property=\"og:description\" content=\"Studio Private Line von WSS: Elegante Glasbeschl\u00e4ge f\u00fcr moderne Innenr\u00e4ume, ideal f\u00fcr Wohn- und Gesch\u00e4ftsbereiche.\" \/>\n<meta property=\"og:url\" content=\"https:\/\/www.glasundbeschlag.de\/beratung\/glossar\/studio-private-line\/\" \/>\n<meta property=\"og:site_name\" content=\"Beratung und Informationen zu Glas und Beschlagstechnik\" \/>\n<meta property=\"article:publisher\" content=\"https:\/\/www.facebook.com\/glasundbeschlag.de\/\" \/>\n<meta property=\"article:modified_time\" content=\"2024-02-21T13:00:08+00:00\" \/>\n<meta name=\"twitter:card\" content=\"summary_large_image\" \/>\n<meta name=\"twitter:title\" content=\"221\" \/>\n<meta name=\"twitter:description\" content=\"Studio Private Line von WSS: Elegante Glasbeschl\u00e4ge f\u00fcr moderne Innenr\u00e4ume, ideal f\u00fcr Wohn- und Gesch\u00e4ftsbereiche.\" \/>\n<meta name=\"twitter:label1\" content=\"Gesch\u00e4tzte Lesezeit\" \/>\n\t<meta name=\"twitter:data1\" content=\"2\u00a0Minuten\" \/>\n<script type=\"application\/ld+json\" class=\"yoast-schema-graph\">{\"@context\":\"https:\\\/\\\/schema.org\",\"@graph\":[{\"@type\":\"TechArticle\",\"@id\":\"https:\\\/\\\/www.glasundbeschlag.de\\\/beratung\\\/glossar\\\/studio-private-line\\\/#article\",\"isPartOf\":{\"@id\":\"https:\\\/\\\/www.glasundbeschlag.de\\\/beratung\\\/glossar\\\/studio-private-line\\\/\"},\"author\":{\"name\":\"GLASundBESCHLAG.de\",\"@id\":\"https:\\\/\\\/www.glasundbeschlag.de\\\/beratung\\\/#\\\/schema\\\/person\\\/76487cc8b77a0fdc29aaf2c792cf7c48\"},\"headline\":\"Studio Private Line\",\"datePublished\":\"2024-02-19T09:41:20+00:00\",\"dateModified\":\"2024-02-21T13:00:08+00:00\",\"mainEntityOfPage\":{\"@id\":\"https:\\\/\\\/www.glasundbeschlag.de\\\/beratung\\\/glossar\\\/studio-private-line\\\/\"},\"wordCount\":267,\"publisher\":{\"@id\":\"https:\\\/\\\/www.glasundbeschlag.de\\\/beratung\\\/#organization\"},\"inLanguage\":\"de\"},{\"@type\":\"WebPage\",\"@id\":\"https:\\\/\\\/www.glasundbeschlag.de\\\/beratung\\\/glossar\\\/studio-private-line\\\/\",\"url\":\"https:\\\/\\\/www.glasundbeschlag.de\\\/beratung\\\/glossar\\\/studio-private-line\\\/\",\"name\":\"Was ist Studio Private Line? - Beratung und Informationen zu Glas und Beschlagstechnik\",\"isPartOf\":{\"@id\":\"https:\\\/\\\/www.glasundbeschlag.de\\\/beratung\\\/#website\"},\"datePublished\":\"2024-02-19T09:41:20+00:00\",\"dateModified\":\"2024-02-21T13:00:08+00:00\",\"description\":\"Studio Private Line von WSS: Elegante Glasbeschl\u00e4ge f\u00fcr moderne Innenr\u00e4ume, ideal f\u00fcr Wohn- und Gesch\u00e4ftsbereiche.\",\"breadcrumb\":{\"@id\":\"https:\\\/\\\/www.glasundbeschlag.de\\\/beratung\\\/glossar\\\/studio-private-line\\\/#breadcrumb\"},\"inLanguage\":\"de\",\"potentialAction\":[{\"@type\":\"ReadAction\",\"target\":[\"https:\\\/\\\/www.glasundbeschlag.de\\\/beratung\\\/glossar\\\/studio-private-line\\\/\"]}]},{\"@type\":\"BreadcrumbList\",\"@id\":\"https:\\\/\\\/www.glasundbeschlag.de\\\/beratung\\\/glossar\\\/studio-private-line\\\/#breadcrumb\",\"itemListElement\":[{\"@type\":\"ListItem\",\"position\":1,\"name\":\"Home\",\"item\":\"https:\\\/\\\/www.glasundbeschlag.de\\\/beratung\\\/\"},{\"@type\":\"ListItem\",\"position\":2,\"name\":\"Glossary Terms\",\"item\":\"https:\\\/\\\/www.glasundbeschlag.de\\\/beratung\\\/glossar\\\/\"},{\"@type\":\"ListItem\",\"position\":3,\"name\":\"S\",\"item\":\"https:\\\/\\\/www.glasundbeschlag.de\\\/beratung\\\/glossar-cat\\\/s\\\/\"},{\"@type\":\"ListItem\",\"position\":4,\"name\":\"Studio Private Line\"}]},{\"@type\":\"WebSite\",\"@id\":\"https:\\\/\\\/www.glasundbeschlag.de\\\/beratung\\\/#website\",\"url\":\"https:\\\/\\\/www.glasundbeschlag.de\\\/beratung\\\/\",\"name\":\"Beratung und Informationen zu Glas und Beschlagstechnik\",\"description\":\"\",\"publisher\":{\"@id\":\"https:\\\/\\\/www.glasundbeschlag.de\\\/beratung\\\/#organization\"},\"potentialAction\":[{\"@type\":\"SearchAction\",\"target\":{\"@type\":\"EntryPoint\",\"urlTemplate\":\"https:\\\/\\\/www.glasundbeschlag.de\\\/beratung\\\/?s={search_term_string}\"},\"query-input\":{\"@type\":\"PropertyValueSpecification\",\"valueRequired\":true,\"valueName\":\"search_term_string\"}}],\"inLanguage\":\"de\"},{\"@type\":\"Organization\",\"@id\":\"https:\\\/\\\/www.glasundbeschlag.de\\\/beratung\\\/#organization\",\"name\":\"GLASundBESCHLAG.de GmbH\",\"url\":\"https:\\\/\\\/www.glasundbeschlag.de\\\/beratung\\\/\",\"logo\":{\"@type\":\"ImageObject\",\"inLanguage\":\"de\",\"@id\":\"https:\\\/\\\/www.glasundbeschlag.de\\\/beratung\\\/#\\\/schema\\\/logo\\\/image\\\/\",\"url\":\"https:\\\/\\\/www.glasundbeschlag.de\\\/beratung\\\/wp-content\\\/uploads\\\/gub-logo.png\",\"contentUrl\":\"https:\\\/\\\/www.glasundbeschlag.de\\\/beratung\\\/wp-content\\\/uploads\\\/gub-logo.png\",\"width\":640,\"height\":360,\"caption\":\"GLASundBESCHLAG.de GmbH\"},\"image\":{\"@id\":\"https:\\\/\\\/www.glasundbeschlag.de\\\/beratung\\\/#\\\/schema\\\/logo\\\/image\\\/\"},\"sameAs\":[\"https:\\\/\\\/www.facebook.com\\\/glasundbeschlag.de\\\/\",\"https:\\\/\\\/www.instagram.com\\\/glasundbeschlag.de\\\/\"]},{\"@type\":\"Person\",\"@id\":\"https:\\\/\\\/www.glasundbeschlag.de\\\/beratung\\\/#\\\/schema\\\/person\\\/76487cc8b77a0fdc29aaf2c792cf7c48\",\"name\":\"GLASundBESCHLAG.de\",\"sameAs\":[\"https:\\\/\\\/blog.glasundbeschlag.de\"]}]}<\/script>\n<!-- \/ Yoast SEO plugin. -->","yoast_head_json":{"title":"Was ist Studio Private Line? - Beratung und Informationen zu Glas und Beschlagstechnik","description":"Studio Private Line von WSS: Elegante Glasbeschl\u00e4ge f\u00fcr moderne Innenr\u00e4ume, ideal f\u00fcr Wohn- und Gesch\u00e4ftsbereiche.","robots":{"index":"index","follow":"follow","max-snippet":"max-snippet:-1","max-image-preview":"max-image-preview:large","max-video-preview":"max-video-preview:-1"},"canonical":"https:\/\/www.glasundbeschlag.de\/beratung\/glossar\/studio-private-line\/","og_locale":"de_DE","og_type":"article","og_title":"Studio-Private-Line","og_description":"Studio Private Line von WSS: Elegante Glasbeschl\u00e4ge f\u00fcr moderne Innenr\u00e4ume, ideal f\u00fcr Wohn- und Gesch\u00e4ftsbereiche.","og_url":"https:\/\/www.glasundbeschlag.de\/beratung\/glossar\/studio-private-line\/","og_site_name":"Beratung und Informationen zu Glas und Beschlagstechnik","article_publisher":"https:\/\/www.facebook.com\/glasundbeschlag.de\/","article_modified_time":"2024-02-21T13:00:08+00:00","twitter_card":"summary_large_image","twitter_title":"221","twitter_description":"Studio Private Line von WSS: Elegante Glasbeschl\u00e4ge f\u00fcr moderne Innenr\u00e4ume, ideal f\u00fcr Wohn- und Gesch\u00e4ftsbereiche.","twitter_misc":{"Gesch\u00e4tzte Lesezeit":"2\u00a0Minuten"},"schema":{"@context":"https:\/\/schema.org","@graph":[{"@type":"TechArticle","@id":"https:\/\/www.glasundbeschlag.de\/beratung\/glossar\/studio-private-line\/#article","isPartOf":{"@id":"https:\/\/www.glasundbeschlag.de\/beratung\/glossar\/studio-private-line\/"},"author":{"name":"GLASundBESCHLAG.de","@id":"https:\/\/www.glasundbeschlag.de\/beratung\/#\/schema\/person\/76487cc8b77a0fdc29aaf2c792cf7c48"},"headline":"Studio Private Line","datePublished":"2024-02-19T09:41:20+00:00","dateModified":"2024-02-21T13:00:08+00:00","mainEntityOfPage":{"@id":"https:\/\/www.glasundbeschlag.de\/beratung\/glossar\/studio-private-line\/"},"wordCount":267,"publisher":{"@id":"https:\/\/www.glasundbeschlag.de\/beratung\/#organization"},"inLanguage":"de"},{"@type":"WebPage","@id":"https:\/\/www.glasundbeschlag.de\/beratung\/glossar\/studio-private-line\/","url":"https:\/\/www.glasundbeschlag.de\/beratung\/glossar\/studio-private-line\/","name":"Was ist Studio Private Line? - Beratung und Informationen zu Glas und Beschlagstechnik","isPartOf":{"@id":"https:\/\/www.glasundbeschlag.de\/beratung\/#website"},"datePublished":"2024-02-19T09:41:20+00:00","dateModified":"2024-02-21T13:00:08+00:00","description":"Studio Private Line von WSS: Elegante Glasbeschl\u00e4ge f\u00fcr moderne Innenr\u00e4ume, ideal f\u00fcr Wohn- und Gesch\u00e4ftsbereiche.","breadcrumb":{"@id":"https:\/\/www.glasundbeschlag.de\/beratung\/glossar\/studio-private-line\/#breadcrumb"},"inLanguage":"de","potentialAction":[{"@type":"ReadAction","target":["https:\/\/www.glasundbeschlag.de\/beratung\/glossar\/studio-private-line\/"]}]},{"@type":"BreadcrumbList","@id":"https:\/\/www.glasundbeschlag.de\/beratung\/glossar\/studio-private-line\/#breadcrumb","itemListElement":[{"@type":"ListItem","position":1,"name":"Home","item":"https:\/\/www.glasundbeschlag.de\/beratung\/"},{"@type":"ListItem","position":2,"name":"Glossary Terms","item":"https:\/\/www.glasundbeschlag.de\/beratung\/glossar\/"},{"@type":"ListItem","position":3,"name":"S","item":"https:\/\/www.glasundbeschlag.de\/beratung\/glossar-cat\/s\/"},{"@type":"ListItem","position":4,"name":"Studio Private Line"}]},{"@type":"WebSite","@id":"https:\/\/www.glasundbeschlag.de\/beratung\/#website","url":"https:\/\/www.glasundbeschlag.de\/beratung\/","name":"Beratung und Informationen zu Glas und Beschlagstechnik","description":"","publisher":{"@id":"https:\/\/www.glasundbeschlag.de\/beratung\/#organization"},"potentialAction":[{"@type":"SearchAction","target":{"@type":"EntryPoint","urlTemplate":"https:\/\/www.glasundbeschlag.de\/beratung\/?s={search_term_string}"},"query-input":{"@type":"PropertyValueSpecification","valueRequired":true,"valueName":"search_term_string"}}],"inLanguage":"de"},{"@type":"Organization","@id":"https:\/\/www.glasundbeschlag.de\/beratung\/#organization","name":"GLASundBESCHLAG.de GmbH","url":"https:\/\/www.glasundbeschlag.de\/beratung\/","logo":{"@type":"ImageObject","inLanguage":"de","@id":"https:\/\/www.glasundbeschlag.de\/beratung\/#\/schema\/logo\/image\/","url":"https:\/\/www.glasundbeschlag.de\/beratung\/wp-content\/uploads\/gub-logo.png","contentUrl":"https:\/\/www.glasundbeschlag.de\/beratung\/wp-content\/uploads\/gub-logo.png","width":640,"height":360,"caption":"GLASundBESCHLAG.de GmbH"},"image":{"@id":"https:\/\/www.glasundbeschlag.de\/beratung\/#\/schema\/logo\/image\/"},"sameAs":["https:\/\/www.facebook.com\/glasundbeschlag.de\/","https:\/\/www.instagram.com\/glasundbeschlag.de\/"]},{"@type":"Person","@id":"https:\/\/www.glasundbeschlag.de\/beratung\/#\/schema\/person\/76487cc8b77a0fdc29aaf2c792cf7c48","name":"GLASundBESCHLAG.de","sameAs":["https:\/\/blog.glasundbeschlag.de"]}]}},"_links":{"self":[{"href":"https:\/\/www.glasundbeschlag.de\/beratung\/wp-json\/wp\/v2\/glossary\/2291","targetHints":{"allow":["GET"]}}],"collection":[{"href":"https:\/\/www.glasundbeschlag.de\/beratung\/wp-json\/wp\/v2\/glossary"}],"about":[{"href":"https:\/\/www.glasundbeschlag.de\/beratung\/wp-json\/wp\/v2\/types\/glossary"}],"author":[{"embeddable":true,"href":"https:\/\/www.glasundbeschlag.de\/beratung\/wp-json\/wp\/v2\/users\/1"}],"version-history":[{"count":5,"href":"https:\/\/www.glasundbeschlag.de\/beratung\/wp-json\/wp\/v2\/glossary\/2291\/revisions"}],"predecessor-version":[{"id":46382,"href":"https:\/\/www.glasundbeschlag.de\/beratung\/wp-json\/wp\/v2\/glossary\/2291\/revisions\/46382"}],"wp:attachment":[{"href":"https:\/\/www.glasundbeschlag.de\/beratung\/wp-json\/wp\/v2\/media?parent=2291"}],"wp:term":[{"taxonomy":"glossary-cat","embeddable":true,"href":"https:\/\/www.glasundbeschlag.de\/beratung\/wp-json\/wp\/v2\/glossary-cat?post=2291"}],"curies":[{"name":"wp","href":"https:\/\/api.w.org\/{rel}","templated":true}]}}