{"id":29590,"date":"2024-02-20T09:22:02","date_gmt":"2024-02-20T08:22:02","guid":{"rendered":"https:\/\/blog.glasundbeschlag.de\/?page_id=29590"},"modified":"2024-02-20T09:32:54","modified_gmt":"2024-02-20T08:32:54","slug":"bildergalerie-aussen-und-isolierverglasungen","status":"publish","type":"page","link":"https:\/\/www.glasundbeschlag.de\/beratung\/bildergalerie-aussen-und-isolierverglasungen\/","title":{"rendered":"Bildergalerie au\u00dfen und Isolierverglasungen"},"content":{"rendered":"\t\t<div data-elementor-type=\"wp-page\" data-elementor-id=\"29590\" class=\"elementor elementor-29590\">\n\t\t\t\t<div class=\"elementor-element elementor-element-69f35bb e-flex e-con-boxed e-con e-parent\" data-id=\"69f35bb\" data-element_type=\"container\" data-e-type=\"container\">\n\t\t\t\t\t<div class=\"e-con-inner\">\n\t\t\t\t<div class=\"elementor-element elementor-element-58ef851 elementor-widget elementor-widget-heading\" data-id=\"58ef851\" data-element_type=\"widget\" data-e-type=\"widget\" data-widget_type=\"heading.default\">\n\t\t\t\t<div class=\"elementor-widget-container\">\n\t\t\t\t\t<h1 class=\"elementor-heading-title elementor-size-default\">Au\u00dfenverglasungen mit Isoliergl\u00e4sern<\/h1>\t\t\t\t<\/div>\n\t\t\t\t<\/div>\n\t\t\t\t\t<\/div>\n\t\t\t\t<\/div>\n\t\t<div class=\"elementor-element elementor-element-8291a10 e-flex e-con-boxed e-con e-parent\" data-id=\"8291a10\" data-element_type=\"container\" data-e-type=\"container\">\n\t\t\t\t\t<div class=\"e-con-inner\">\n\t\t\t\t<div class=\"elementor-element elementor-element-19145c8 elementor-widget elementor-widget-text-editor\" data-id=\"19145c8\" data-element_type=\"widget\" data-e-type=\"widget\" data-widget_type=\"text-editor.default\">\n\t\t\t\t<div class=\"elementor-widget-container\">\n\t\t\t\t\t\t\t\t\t<div class=\"category-description std\"><div class=\"page-title category-title category-image\"><h2>zum Verglasen von H\u00e4usern und anderen Bauwerken<\/h2><\/div><p class=\"teaser std\">Nachfolgend sehen Sie Bildnachweise \u00fcber gelieferte Gl\u00e4ser als Isolierglas f\u00fcr Wohnh\u00e4user und sonstige Au\u00dfenverglasungen. Weitere Erl\u00e4uterungen sind entsprechend dem Bildmaterial zu entnehmen.<\/p><div class=\"clearfix\">\u00a0<\/div><\/div><div class=\"category-description std\"><div class=\"category-description std\"><h3>Bauen mit Glas &#8211; Entdecken Sie die M\u00f6glichkeiten lassen Sie Ihren Ideen freien Lauf !<\/h3><p>Verglasungen von Wohn- und Gesch\u00e4ftsh\u00e4usern sind heute immer gr\u00f6\u00dferen Anforderungen ausgesetzt. So sind eine Reihen von Vorschriften an energetische und sicherheitsrelevante Apsekte zu beachten. Dabei sollte eben auf Komfort und Behaglichkeit geachtet werden. Die technischen M\u00f6glichkeiten schaffen heutzutage vielf\u00e4ltige M\u00f6glichkeiten des Bauens.<\/p><\/div><\/div>\t\t\t\t\t\t\t\t<\/div>\n\t\t\t\t<\/div>\n\t\t\t\t\t<\/div>\n\t\t\t\t<\/div>\n\t\t<div class=\"elementor-element elementor-element-f5d3743 e-flex e-con-boxed e-con e-parent\" data-id=\"f5d3743\" data-element_type=\"container\" data-e-type=\"container\">\n\t\t\t\t\t<div class=\"e-con-inner\">\n\t\t<div class=\"elementor-element elementor-element-42df133 e-con-full e-flex e-con e-child\" data-id=\"42df133\" data-element_type=\"container\" data-e-type=\"container\">\n\t\t\t\t<div class=\"elementor-element elementor-element-d812505 elementor-widget elementor-widget-image\" data-id=\"d812505\" data-element_type=\"widget\" data-e-type=\"widget\" data-widget_type=\"image.default\">\n\t\t\t\t<div class=\"elementor-widget-container\">\n\t\t\t\t\t\t\t\t\t\t\t\t\t\t\t<img fetchpriority=\"high\" decoding=\"async\" width=\"350\" height=\"175\" src=\"https:\/\/www.glasundbeschlag.de\/beratung\/wp-content\/uploads\/glasfassade-haus-garagenverglasung.png\" class=\"attachment-full size-full wp-image-29512\" alt=\"Glasfassade Haus Garagenverglasung\" srcset=\"https:\/\/www.glasundbeschlag.de\/beratung\/wp-content\/uploads\/glasfassade-haus-garagenverglasung.png 350w, https:\/\/www.glasundbeschlag.de\/beratung\/wp-content\/uploads\/glasfassade-haus-garagenverglasung-300x150.png 300w\" sizes=\"(max-width: 350px) 100vw, 350px\" \/>\t\t\t\t\t\t\t\t\t\t\t\t\t\t\t<\/div>\n\t\t\t\t<\/div>\n\t\t\t\t<\/div>\n\t\t<div class=\"elementor-element elementor-element-0030f56 e-con-full e-flex e-con e-child\" data-id=\"0030f56\" data-element_type=\"container\" data-e-type=\"container\">\n\t\t\t\t<div class=\"elementor-element elementor-element-41fb0e5 elementor-widget elementor-widget-text-editor\" data-id=\"41fb0e5\" data-element_type=\"widget\" data-e-type=\"widget\" data-widget_type=\"text-editor.default\">\n\t\t\t\t<div class=\"elementor-widget-container\">\n\t\t\t\t\t\t\t\t\t<h3>3fach Isolierverglasung eines modernen Wohnhauses<\/h3><p>F\u00fcr dieses \u00fcberaus moderne Architektenhaus wurde eine 3fach-Isolierverglasung geliefert. Nicht aber eine ganz normale, nein, es sind Isoliergl\u00e4ser im XXL-Format. Dabei handelt es sich um drei Fassaden bestehend aus Isolierglas, welche sich im 90\u00b0 Eckbereich treffen. Dabei wurde Stufenisolierglas hergestellt mit UV-best\u00e4ndigem Randdruck. Lediglich bauseits gerahmt in Alurahmen unten und oben, versehen mit T\u00fcrbereichen zur Begehbarkeit des Hauses.<\/p><p>Durch die gro\u00dfen Fensterfronten wird das Haus lichtdurchflutet und erzielt dabei optisch eine h\u00f6here Gro\u00dfz\u00fcgigkeit, welche ohnehin schon entsprechend vorhanden ist.<\/p>\t\t\t\t\t\t\t\t<\/div>\n\t\t\t\t<\/div>\n\t\t\t\t<\/div>\n\t\t\t\t\t<\/div>\n\t\t\t\t<\/div>\n\t\t<div class=\"elementor-element elementor-element-efe084b e-flex e-con-boxed e-con e-parent\" data-id=\"efe084b\" data-element_type=\"container\" data-e-type=\"container\">\n\t\t\t\t\t<div class=\"e-con-inner\">\n\t\t<div class=\"elementor-element elementor-element-8d1577a e-con-full e-flex e-con e-child\" data-id=\"8d1577a\" data-element_type=\"container\" data-e-type=\"container\">\n\t\t\t\t<div class=\"elementor-element elementor-element-22657c3 elementor-widget elementor-widget-text-editor\" data-id=\"22657c3\" data-element_type=\"widget\" data-e-type=\"widget\" data-widget_type=\"text-editor.default\">\n\t\t\t\t<div class=\"elementor-widget-container\">\n\t\t\t\t\t\t\t\t\t<h3>Garage bzw. Carport aus Glas &#8211; au\u00dfergew\u00f6hnlich sch\u00f6n<\/h3><p>Nicht nur die zuvor beschriebene Isolierverglasung f\u00fcr das Architektenhaus wurde geplant und umgesetzt. Vielmehr gab es ein Gesamtkonzept an Verglasungen, welches das Carport oder die Garage (eine Frage der Sichtweise) mit einbezog. Dabei wurde auch hier modernes Bauen mit Glas in einem au\u00dfergew\u00f6hnlichen Stil umgesetzt. Der PKW wird dabei in Szene gesetzt und ist so jederzeit sichtbar. Die seitlichen Begrenzungen wurden aus Einscheibensicherheitsglas mit Heat-Soak-Test (Hei\u00dflagerungstest) errichtet. Auf Wunsch des Architekten erfolgte die Rahmung in einem Klemmrahmenprofil.<\/p><p>Die Entscheidung fiel f\u00fcr den Architekten bewusst auf des ESG-Glas, wenn gleich er die baulichen Vorz\u00fcge vom angebotenen Verbundsicherheitsglas (VSG) zu sch\u00e4tzen wei\u00df. Es fand eine Abw\u00e4gung der technischen und baulichen Belange in Abstimmung mit dem Bauherrn statt.<\/p>\t\t\t\t\t\t\t\t<\/div>\n\t\t\t\t<\/div>\n\t\t\t\t<\/div>\n\t\t<div class=\"elementor-element elementor-element-d842497 e-con-full e-flex e-con e-child\" data-id=\"d842497\" data-element_type=\"container\" data-e-type=\"container\">\n\t\t\t\t<div class=\"elementor-element elementor-element-71c8a7e elementor-widget elementor-widget-image\" data-id=\"71c8a7e\" data-element_type=\"widget\" data-e-type=\"widget\" data-widget_type=\"image.default\">\n\t\t\t\t<div class=\"elementor-widget-container\">\n\t\t\t\t\t\t\t\t\t\t\t\t\t\t\t<img decoding=\"async\" width=\"350\" height=\"210\" src=\"https:\/\/www.glasundbeschlag.de\/beratung\/wp-content\/uploads\/seitliche-garagenverglasung.png\" class=\"attachment-full size-full wp-image-29513\" alt=\"\" srcset=\"https:\/\/www.glasundbeschlag.de\/beratung\/wp-content\/uploads\/seitliche-garagenverglasung.png 350w, https:\/\/www.glasundbeschlag.de\/beratung\/wp-content\/uploads\/seitliche-garagenverglasung-300x180.png 300w\" sizes=\"(max-width: 350px) 100vw, 350px\" \/>\t\t\t\t\t\t\t\t\t\t\t\t\t\t\t<\/div>\n\t\t\t\t<\/div>\n\t\t\t\t<\/div>\n\t\t\t\t\t<\/div>\n\t\t\t\t<\/div>\n\t\t<div class=\"elementor-element elementor-element-51b6a6e e-flex e-con-boxed e-con e-parent\" data-id=\"51b6a6e\" data-element_type=\"container\" data-e-type=\"container\">\n\t\t\t\t\t<div class=\"e-con-inner\">\n\t\t\t\t<div class=\"elementor-element elementor-element-83ba2a4 elementor-widget elementor-widget-text-editor\" data-id=\"83ba2a4\" data-element_type=\"widget\" data-e-type=\"widget\" data-widget_type=\"text-editor.default\">\n\t\t\t\t<div class=\"elementor-widget-container\">\n\t\t\t\t\t\t\t\t\t<p>GLASundBESCHLAG.de hat bei der Realisierung dieses au\u00dfergew\u00f6hnlichen Bauvorhabens mit dem Architekten und Bauherrn sehr intensiv zusammengearbeitet und auf Grundlage der Vorstellungen beraten und angeboten. Die Lieferungen der Isoliergl\u00e4ser erfolgte per Spedition. Die Entladung wurde bauseits mittels eines Schwerlastkranes vorgenommen, ebenso die Montage. Beide Leistungen wurden bauseits organisiert. Nach Ende der Arbeiten erfolgte die R\u00fcckf\u00fchrung der Stahl-Glasgestelle, welche leihweise zur Verf\u00fcgung gestellt wurden.<\/p><p>Wir bieten Ihnen auch komplexe und umfangreiche L\u00f6sungen f\u00fcr derartige Verglasungen. Gern bieten wir Ihnen dies auf Anfrage an. Normale Isoliervergl\u00e4ser bieten wir in Rahmen von komplexen\/umfangreichen Lieferungen, oder bei Einzelst\u00fccken mit Lieferung von Sicherheitsgl\u00e4sern an. Sprechen Sie uns einfach an.<\/p><h3>weitere Bilder zu den gelieferten Isolierverglasungen<\/h3>\t\t\t\t\t\t\t\t<\/div>\n\t\t\t\t<\/div>\n\t\t\t\t\t<\/div>\n\t\t\t\t<\/div>\n\t\t<div class=\"elementor-element elementor-element-fe3b548 e-flex e-con-boxed e-con e-parent\" data-id=\"fe3b548\" data-element_type=\"container\" data-e-type=\"container\">\n\t\t\t\t\t<div class=\"e-con-inner\">\n\t\t<div class=\"elementor-element elementor-element-b79dc47 e-con-full e-flex e-con e-child\" data-id=\"b79dc47\" data-element_type=\"container\" data-e-type=\"container\">\n\t\t\t\t<div class=\"elementor-element elementor-element-4aeb3ff elementor-widget elementor-widget-image\" data-id=\"4aeb3ff\" data-element_type=\"widget\" data-e-type=\"widget\" data-widget_type=\"image.default\">\n\t\t\t\t<div class=\"elementor-widget-container\">\n\t\t\t\t\t\t\t\t\t\t\t\t\t\t\t<img decoding=\"async\" width=\"350\" height=\"234\" src=\"https:\/\/www.glasundbeschlag.de\/beratung\/wp-content\/uploads\/architektenhaus-von-innen.png\" class=\"attachment-full size-full wp-image-29511\" alt=\"Architektenhaus von innen\" srcset=\"https:\/\/www.glasundbeschlag.de\/beratung\/wp-content\/uploads\/architektenhaus-von-innen.png 350w, https:\/\/www.glasundbeschlag.de\/beratung\/wp-content\/uploads\/architektenhaus-von-innen-300x201.png 300w\" sizes=\"(max-width: 350px) 100vw, 350px\" \/>\t\t\t\t\t\t\t\t\t\t\t\t\t\t\t<\/div>\n\t\t\t\t<\/div>\n\t\t\t\t<\/div>\n\t\t<div class=\"elementor-element elementor-element-0e16a28 e-con-full e-flex e-con e-child\" data-id=\"0e16a28\" data-element_type=\"container\" data-e-type=\"container\">\n\t\t\t\t<div class=\"elementor-element elementor-element-e080ad1 elementor-widget elementor-widget-image\" data-id=\"e080ad1\" data-element_type=\"widget\" data-e-type=\"widget\" data-widget_type=\"image.default\">\n\t\t\t\t<div class=\"elementor-widget-container\">\n\t\t\t\t\t\t\t\t\t\t\t\t\t\t\t<img loading=\"lazy\" decoding=\"async\" width=\"350\" height=\"230\" src=\"https:\/\/www.glasundbeschlag.de\/beratung\/wp-content\/uploads\/architektenhaus-poolbereich.png\" class=\"attachment-full size-full wp-image-29507\" alt=\"Architektenhaus Poolbereich\" srcset=\"https:\/\/www.glasundbeschlag.de\/beratung\/wp-content\/uploads\/architektenhaus-poolbereich.png 350w, https:\/\/www.glasundbeschlag.de\/beratung\/wp-content\/uploads\/architektenhaus-poolbereich-300x197.png 300w\" sizes=\"(max-width: 350px) 100vw, 350px\" \/>\t\t\t\t\t\t\t\t\t\t\t\t\t\t\t<\/div>\n\t\t\t\t<\/div>\n\t\t\t\t<\/div>\n\t\t<div class=\"elementor-element elementor-element-95b7465 e-con-full e-flex e-con e-child\" data-id=\"95b7465\" data-element_type=\"container\" data-e-type=\"container\">\n\t\t\t\t<div class=\"elementor-element elementor-element-c9cba68 elementor-widget elementor-widget-image\" data-id=\"c9cba68\" data-element_type=\"widget\" data-e-type=\"widget\" data-widget_type=\"image.default\">\n\t\t\t\t<div class=\"elementor-widget-container\">\n\t\t\t\t\t\t\t\t\t\t\t\t\t\t\t<img loading=\"lazy\" decoding=\"async\" width=\"350\" height=\"212\" src=\"https:\/\/www.glasundbeschlag.de\/beratung\/wp-content\/uploads\/architektenhaus-von-aussen.png\" class=\"attachment-full size-full wp-image-29508\" alt=\"Architektenhaus von aussen\" srcset=\"https:\/\/www.glasundbeschlag.de\/beratung\/wp-content\/uploads\/architektenhaus-von-aussen.png 350w, https:\/\/www.glasundbeschlag.de\/beratung\/wp-content\/uploads\/architektenhaus-von-aussen-300x182.png 300w\" sizes=\"(max-width: 350px) 100vw, 350px\" \/>\t\t\t\t\t\t\t\t\t\t\t\t\t\t\t<\/div>\n\t\t\t\t<\/div>\n\t\t\t\t<\/div>\n\t\t<div class=\"elementor-element elementor-element-48a723a e-con-full e-flex e-con e-child\" data-id=\"48a723a\" data-element_type=\"container\" data-e-type=\"container\">\n\t\t\t\t<div class=\"elementor-element elementor-element-53b8dd7 elementor-widget elementor-widget-image\" data-id=\"53b8dd7\" data-element_type=\"widget\" data-e-type=\"widget\" data-widget_type=\"image.default\">\n\t\t\t\t<div class=\"elementor-widget-container\">\n\t\t\t\t\t\t\t\t\t\t\t\t\t\t\t<img loading=\"lazy\" decoding=\"async\" width=\"350\" height=\"210\" src=\"https:\/\/www.glasundbeschlag.de\/beratung\/wp-content\/uploads\/architektenhaus-blick-auf-schlafraum.png\" class=\"attachment-full size-full wp-image-29506\" alt=\"Architektenhaus Blick auf Schlafraum\" srcset=\"https:\/\/www.glasundbeschlag.de\/beratung\/wp-content\/uploads\/architektenhaus-blick-auf-schlafraum.png 350w, https:\/\/www.glasundbeschlag.de\/beratung\/wp-content\/uploads\/architektenhaus-blick-auf-schlafraum-300x180.png 300w\" sizes=\"(max-width: 350px) 100vw, 350px\" \/>\t\t\t\t\t\t\t\t\t\t\t\t\t\t\t<\/div>\n\t\t\t\t<\/div>\n\t\t\t\t<\/div>\n\t\t<div class=\"elementor-element elementor-element-acd6c0e e-con-full e-flex e-con e-child\" data-id=\"acd6c0e\" data-element_type=\"container\" data-e-type=\"container\">\n\t\t\t\t<div class=\"elementor-element elementor-element-f0bc01c elementor-widget elementor-widget-image\" data-id=\"f0bc01c\" data-element_type=\"widget\" data-e-type=\"widget\" data-widget_type=\"image.default\">\n\t\t\t\t<div class=\"elementor-widget-container\">\n\t\t\t\t\t\t\t\t\t\t\t\t\t\t\t<img loading=\"lazy\" decoding=\"async\" width=\"350\" height=\"210\" src=\"https:\/\/www.glasundbeschlag.de\/beratung\/wp-content\/uploads\/architektenhaus-von-aussen2.png\" class=\"attachment-full size-full wp-image-29510\" alt=\"Architektenhaus von au\u00dfen 2\" srcset=\"https:\/\/www.glasundbeschlag.de\/beratung\/wp-content\/uploads\/architektenhaus-von-aussen2.png 350w, https:\/\/www.glasundbeschlag.de\/beratung\/wp-content\/uploads\/architektenhaus-von-aussen2-300x180.png 300w\" sizes=\"(max-width: 350px) 100vw, 350px\" \/>\t\t\t\t\t\t\t\t\t\t\t\t\t\t\t<\/div>\n\t\t\t\t<\/div>\n\t\t\t\t<\/div>\n\t\t<div class=\"elementor-element elementor-element-0f78ddd e-con-full e-flex e-con e-child\" data-id=\"0f78ddd\" data-element_type=\"container\" data-e-type=\"container\">\n\t\t\t\t<div class=\"elementor-element elementor-element-fb1b311 elementor-widget elementor-widget-image\" data-id=\"fb1b311\" data-element_type=\"widget\" data-e-type=\"widget\" data-widget_type=\"image.default\">\n\t\t\t\t<div class=\"elementor-widget-container\">\n\t\t\t\t\t\t\t\t\t\t\t\t\t\t\t<img loading=\"lazy\" decoding=\"async\" width=\"350\" height=\"210\" src=\"https:\/\/www.glasundbeschlag.de\/beratung\/wp-content\/uploads\/architektenhaus-von-aussen1.png\" class=\"attachment-full size-full wp-image-29509\" alt=\"Architektenhaus von au\u00dfen1\" srcset=\"https:\/\/www.glasundbeschlag.de\/beratung\/wp-content\/uploads\/architektenhaus-von-aussen1.png 350w, https:\/\/www.glasundbeschlag.de\/beratung\/wp-content\/uploads\/architektenhaus-von-aussen1-300x180.png 300w\" sizes=\"(max-width: 350px) 100vw, 350px\" \/>\t\t\t\t\t\t\t\t\t\t\t\t\t\t\t<\/div>\n\t\t\t\t<\/div>\n\t\t\t\t<\/div>\n\t\t\t\t\t<\/div>\n\t\t\t\t<\/div>\n\t\t\t\t<\/div>\n\t\t","protected":false},"excerpt":{"rendered":"<p>Au\u00dfenverglasungen mit Isoliergl\u00e4sern zum Verglasen von H\u00e4usern und anderen Bauwerken Nachfolgend sehen Sie Bildnachweise \u00fcber gelieferte Gl\u00e4ser als Isolierglas f\u00fcr [&hellip;]<\/p>\n","protected":false},"author":1,"featured_media":0,"parent":0,"menu_order":0,"comment_status":"closed","ping_status":"closed","template":"","meta":{"site-sidebar-layout":"no-sidebar","site-content-layout":"","ast-site-content-layout":"full-width-container","site-content-style":"default","site-sidebar-style":"default","ast-global-header-display":"","ast-banner-title-visibility":"","ast-main-header-display":"","ast-hfb-above-header-display":"","ast-hfb-below-header-display":"","ast-hfb-mobile-header-display":"","site-post-title":"disabled","ast-breadcrumbs-content":"","ast-featured-img":"disabled","footer-sml-layout":"","theme-transparent-header-meta":"default","adv-header-id-meta":"","stick-header-meta":"","header-above-stick-meta":"","header-main-stick-meta":"","header-below-stick-meta":"","astra-migrate-meta-layouts":"set","ast-page-background-enabled":"default","ast-page-background-meta":{"desktop":{"background-color":"var(--ast-global-color-4)","background-image":"","background-repeat":"repeat","background-position":"center center","background-size":"auto","background-attachment":"scroll","background-type":"","background-media":"","overlay-type":"","overlay-color":"","overlay-opacity":"","overlay-gradient":""},"tablet":{"background-color":"","background-image":"","background-repeat":"repeat","background-position":"center center","background-size":"auto","background-attachment":"scroll","background-type":"","background-media":"","overlay-type":"","overlay-color":"","overlay-opacity":"","overlay-gradient":""},"mobile":{"background-color":"","background-image":"","background-repeat":"repeat","background-position":"center center","background-size":"auto","background-attachment":"scroll","background-type":"","background-media":"","overlay-type":"","overlay-color":"","overlay-opacity":"","overlay-gradient":""}},"ast-content-background-meta":{"desktop":{"background-color":"var(--ast-global-color-5)","background-image":"","background-repeat":"repeat","background-position":"center center","background-size":"auto","background-attachment":"scroll","background-type":"","background-media":"","overlay-type":"","overlay-color":"","overlay-opacity":"","overlay-gradient":""},"tablet":{"background-color":"var(--ast-global-color-5)","background-image":"","background-repeat":"repeat","background-position":"center center","background-size":"auto","background-attachment":"scroll","background-type":"","background-media":"","overlay-type":"","overlay-color":"","overlay-opacity":"","overlay-gradient":""},"mobile":{"background-color":"var(--ast-global-color-5)","background-image":"","background-repeat":"repeat","background-position":"center center","background-size":"auto","background-attachment":"scroll","background-type":"","background-media":"","overlay-type":"","overlay-color":"","overlay-opacity":"","overlay-gradient":""}},"footnotes":""},"class_list":["post-29590","page","type-page","status-publish","hentry"],"yoast_head":"<!-- This site is optimized with the Yoast SEO plugin v27.5 - https:\/\/yoast.com\/product\/yoast-seo-wordpress\/ -->\n<title>Isolierglas f\u00fcr Au\u00dfenverglasungen | glasundbeschlag.de<\/title>\n<meta name=\"description\" content=\"Au\u00dfen-Verglasungen mit Isolierglas an Geb\u00e4uden \u27a4 glasundbeschlag achtet auf energetische &amp; sicherheitsrelevante Vorschriften \u2713 Komfort und Behaglichkeit \u2713\" \/>\n<meta name=\"robots\" content=\"index, follow, max-snippet:-1, max-image-preview:large, max-video-preview:-1\" \/>\n<link rel=\"canonical\" href=\"https:\/\/www.glasundbeschlag.de\/beratung\/bildergalerie-aussen-und-isolierverglasungen\/\" \/>\n<meta property=\"og:locale\" content=\"de_DE\" \/>\n<meta property=\"og:type\" content=\"article\" \/>\n<meta property=\"og:title\" content=\"Isolierglas f\u00fcr Au\u00dfenverglasungen | glasundbeschlag.de\" \/>\n<meta property=\"og:description\" content=\"Au\u00dfen-Verglasungen mit Isolierglas an Geb\u00e4uden \u27a4 glasundbeschlag achtet auf energetische &amp; sicherheitsrelevante Vorschriften \u2713 Komfort und Behaglichkeit \u2713\" \/>\n<meta property=\"og:url\" content=\"https:\/\/www.glasundbeschlag.de\/beratung\/bildergalerie-aussen-und-isolierverglasungen\/\" \/>\n<meta property=\"og:site_name\" content=\"Beratung und Informationen zu Glas und Beschlagstechnik\" \/>\n<meta property=\"article:publisher\" content=\"https:\/\/www.facebook.com\/glasundbeschlag.de\/\" \/>\n<meta property=\"article:modified_time\" content=\"2024-02-20T08:32:54+00:00\" \/>\n<meta property=\"og:image\" content=\"https:\/\/blog.glasundbeschlag.de\/wp-content\/uploads\/glasfassade-haus-garagenverglasung.png\" \/>\n<meta name=\"twitter:card\" content=\"summary_large_image\" \/>\n<meta name=\"twitter:label1\" content=\"Gesch\u00e4tzte Lesezeit\" \/>\n\t<meta name=\"twitter:data1\" content=\"4\u00a0Minuten\" \/>\n<script type=\"application\/ld+json\" class=\"yoast-schema-graph\">{\"@context\":\"https:\\\/\\\/schema.org\",\"@graph\":[{\"@type\":\"WebPage\",\"@id\":\"https:\\\/\\\/www.glasundbeschlag.de\\\/beratung\\\/bildergalerie-aussen-und-isolierverglasungen\\\/\",\"url\":\"https:\\\/\\\/www.glasundbeschlag.de\\\/beratung\\\/bildergalerie-aussen-und-isolierverglasungen\\\/\",\"name\":\"Isolierglas f\u00fcr Au\u00dfenverglasungen | glasundbeschlag.de\",\"isPartOf\":{\"@id\":\"https:\\\/\\\/www.glasundbeschlag.de\\\/beratung\\\/#website\"},\"primaryImageOfPage\":{\"@id\":\"https:\\\/\\\/www.glasundbeschlag.de\\\/beratung\\\/bildergalerie-aussen-und-isolierverglasungen\\\/#primaryimage\"},\"image\":{\"@id\":\"https:\\\/\\\/www.glasundbeschlag.de\\\/beratung\\\/bildergalerie-aussen-und-isolierverglasungen\\\/#primaryimage\"},\"thumbnailUrl\":\"https:\\\/\\\/blog.glasundbeschlag.de\\\/wp-content\\\/uploads\\\/glasfassade-haus-garagenverglasung.png\",\"datePublished\":\"2024-02-20T08:22:02+00:00\",\"dateModified\":\"2024-02-20T08:32:54+00:00\",\"description\":\"Au\u00dfen-Verglasungen mit Isolierglas an Geb\u00e4uden \u27a4 glasundbeschlag achtet auf energetische &amp; sicherheitsrelevante Vorschriften \u2713 Komfort und Behaglichkeit \u2713\",\"breadcrumb\":{\"@id\":\"https:\\\/\\\/www.glasundbeschlag.de\\\/beratung\\\/bildergalerie-aussen-und-isolierverglasungen\\\/#breadcrumb\"},\"inLanguage\":\"de\",\"potentialAction\":[{\"@type\":\"ReadAction\",\"target\":[\"https:\\\/\\\/www.glasundbeschlag.de\\\/beratung\\\/bildergalerie-aussen-und-isolierverglasungen\\\/\"]}]},{\"@type\":\"ImageObject\",\"inLanguage\":\"de\",\"@id\":\"https:\\\/\\\/www.glasundbeschlag.de\\\/beratung\\\/bildergalerie-aussen-und-isolierverglasungen\\\/#primaryimage\",\"url\":\"https:\\\/\\\/blog.glasundbeschlag.de\\\/wp-content\\\/uploads\\\/glasfassade-haus-garagenverglasung.png\",\"contentUrl\":\"https:\\\/\\\/blog.glasundbeschlag.de\\\/wp-content\\\/uploads\\\/glasfassade-haus-garagenverglasung.png\"},{\"@type\":\"BreadcrumbList\",\"@id\":\"https:\\\/\\\/www.glasundbeschlag.de\\\/beratung\\\/bildergalerie-aussen-und-isolierverglasungen\\\/#breadcrumb\",\"itemListElement\":[{\"@type\":\"ListItem\",\"position\":1,\"name\":\"Home\",\"item\":\"https:\\\/\\\/www.glasundbeschlag.de\\\/beratung\\\/\"},{\"@type\":\"ListItem\",\"position\":2,\"name\":\"Bildergalerie au\u00dfen und Isolierverglasungen\"}]},{\"@type\":\"WebSite\",\"@id\":\"https:\\\/\\\/www.glasundbeschlag.de\\\/beratung\\\/#website\",\"url\":\"https:\\\/\\\/www.glasundbeschlag.de\\\/beratung\\\/\",\"name\":\"Beratung und Informationen zu Glas und Beschlagstechnik\",\"description\":\"\",\"publisher\":{\"@id\":\"https:\\\/\\\/www.glasundbeschlag.de\\\/beratung\\\/#organization\"},\"potentialAction\":[{\"@type\":\"SearchAction\",\"target\":{\"@type\":\"EntryPoint\",\"urlTemplate\":\"https:\\\/\\\/www.glasundbeschlag.de\\\/beratung\\\/?s={search_term_string}\"},\"query-input\":{\"@type\":\"PropertyValueSpecification\",\"valueRequired\":true,\"valueName\":\"search_term_string\"}}],\"inLanguage\":\"de\"},{\"@type\":\"Organization\",\"@id\":\"https:\\\/\\\/www.glasundbeschlag.de\\\/beratung\\\/#organization\",\"name\":\"GLASundBESCHLAG.de GmbH\",\"url\":\"https:\\\/\\\/www.glasundbeschlag.de\\\/beratung\\\/\",\"logo\":{\"@type\":\"ImageObject\",\"inLanguage\":\"de\",\"@id\":\"https:\\\/\\\/www.glasundbeschlag.de\\\/beratung\\\/#\\\/schema\\\/logo\\\/image\\\/\",\"url\":\"https:\\\/\\\/www.glasundbeschlag.de\\\/beratung\\\/wp-content\\\/uploads\\\/gub-logo.png\",\"contentUrl\":\"https:\\\/\\\/www.glasundbeschlag.de\\\/beratung\\\/wp-content\\\/uploads\\\/gub-logo.png\",\"width\":640,\"height\":360,\"caption\":\"GLASundBESCHLAG.de GmbH\"},\"image\":{\"@id\":\"https:\\\/\\\/www.glasundbeschlag.de\\\/beratung\\\/#\\\/schema\\\/logo\\\/image\\\/\"},\"sameAs\":[\"https:\\\/\\\/www.facebook.com\\\/glasundbeschlag.de\\\/\",\"https:\\\/\\\/www.instagram.com\\\/glasundbeschlag.de\\\/\"]}]}<\/script>\n<!-- \/ Yoast SEO plugin. -->","yoast_head_json":{"title":"Isolierglas f\u00fcr Au\u00dfenverglasungen | glasundbeschlag.de","description":"Au\u00dfen-Verglasungen mit Isolierglas an Geb\u00e4uden \u27a4 glasundbeschlag achtet auf energetische &amp; sicherheitsrelevante Vorschriften \u2713 Komfort und Behaglichkeit \u2713","robots":{"index":"index","follow":"follow","max-snippet":"max-snippet:-1","max-image-preview":"max-image-preview:large","max-video-preview":"max-video-preview:-1"},"canonical":"https:\/\/www.glasundbeschlag.de\/beratung\/bildergalerie-aussen-und-isolierverglasungen\/","og_locale":"de_DE","og_type":"article","og_title":"Isolierglas f\u00fcr Au\u00dfenverglasungen | glasundbeschlag.de","og_description":"Au\u00dfen-Verglasungen mit Isolierglas an Geb\u00e4uden \u27a4 glasundbeschlag achtet auf energetische &amp; sicherheitsrelevante Vorschriften \u2713 Komfort und Behaglichkeit \u2713","og_url":"https:\/\/www.glasundbeschlag.de\/beratung\/bildergalerie-aussen-und-isolierverglasungen\/","og_site_name":"Beratung und Informationen zu Glas und Beschlagstechnik","article_publisher":"https:\/\/www.facebook.com\/glasundbeschlag.de\/","article_modified_time":"2024-02-20T08:32:54+00:00","og_image":[{"url":"https:\/\/blog.glasundbeschlag.de\/wp-content\/uploads\/glasfassade-haus-garagenverglasung.png","type":"","width":"","height":""}],"twitter_card":"summary_large_image","twitter_misc":{"Gesch\u00e4tzte Lesezeit":"4\u00a0Minuten"},"schema":{"@context":"https:\/\/schema.org","@graph":[{"@type":"WebPage","@id":"https:\/\/www.glasundbeschlag.de\/beratung\/bildergalerie-aussen-und-isolierverglasungen\/","url":"https:\/\/www.glasundbeschlag.de\/beratung\/bildergalerie-aussen-und-isolierverglasungen\/","name":"Isolierglas f\u00fcr Au\u00dfenverglasungen | glasundbeschlag.de","isPartOf":{"@id":"https:\/\/www.glasundbeschlag.de\/beratung\/#website"},"primaryImageOfPage":{"@id":"https:\/\/www.glasundbeschlag.de\/beratung\/bildergalerie-aussen-und-isolierverglasungen\/#primaryimage"},"image":{"@id":"https:\/\/www.glasundbeschlag.de\/beratung\/bildergalerie-aussen-und-isolierverglasungen\/#primaryimage"},"thumbnailUrl":"https:\/\/blog.glasundbeschlag.de\/wp-content\/uploads\/glasfassade-haus-garagenverglasung.png","datePublished":"2024-02-20T08:22:02+00:00","dateModified":"2024-02-20T08:32:54+00:00","description":"Au\u00dfen-Verglasungen mit Isolierglas an Geb\u00e4uden \u27a4 glasundbeschlag achtet auf energetische &amp; sicherheitsrelevante Vorschriften \u2713 Komfort und Behaglichkeit \u2713","breadcrumb":{"@id":"https:\/\/www.glasundbeschlag.de\/beratung\/bildergalerie-aussen-und-isolierverglasungen\/#breadcrumb"},"inLanguage":"de","potentialAction":[{"@type":"ReadAction","target":["https:\/\/www.glasundbeschlag.de\/beratung\/bildergalerie-aussen-und-isolierverglasungen\/"]}]},{"@type":"ImageObject","inLanguage":"de","@id":"https:\/\/www.glasundbeschlag.de\/beratung\/bildergalerie-aussen-und-isolierverglasungen\/#primaryimage","url":"https:\/\/blog.glasundbeschlag.de\/wp-content\/uploads\/glasfassade-haus-garagenverglasung.png","contentUrl":"https:\/\/blog.glasundbeschlag.de\/wp-content\/uploads\/glasfassade-haus-garagenverglasung.png"},{"@type":"BreadcrumbList","@id":"https:\/\/www.glasundbeschlag.de\/beratung\/bildergalerie-aussen-und-isolierverglasungen\/#breadcrumb","itemListElement":[{"@type":"ListItem","position":1,"name":"Home","item":"https:\/\/www.glasundbeschlag.de\/beratung\/"},{"@type":"ListItem","position":2,"name":"Bildergalerie au\u00dfen und Isolierverglasungen"}]},{"@type":"WebSite","@id":"https:\/\/www.glasundbeschlag.de\/beratung\/#website","url":"https:\/\/www.glasundbeschlag.de\/beratung\/","name":"Beratung und Informationen zu Glas und Beschlagstechnik","description":"","publisher":{"@id":"https:\/\/www.glasundbeschlag.de\/beratung\/#organization"},"potentialAction":[{"@type":"SearchAction","target":{"@type":"EntryPoint","urlTemplate":"https:\/\/www.glasundbeschlag.de\/beratung\/?s={search_term_string}"},"query-input":{"@type":"PropertyValueSpecification","valueRequired":true,"valueName":"search_term_string"}}],"inLanguage":"de"},{"@type":"Organization","@id":"https:\/\/www.glasundbeschlag.de\/beratung\/#organization","name":"GLASundBESCHLAG.de GmbH","url":"https:\/\/www.glasundbeschlag.de\/beratung\/","logo":{"@type":"ImageObject","inLanguage":"de","@id":"https:\/\/www.glasundbeschlag.de\/beratung\/#\/schema\/logo\/image\/","url":"https:\/\/www.glasundbeschlag.de\/beratung\/wp-content\/uploads\/gub-logo.png","contentUrl":"https:\/\/www.glasundbeschlag.de\/beratung\/wp-content\/uploads\/gub-logo.png","width":640,"height":360,"caption":"GLASundBESCHLAG.de GmbH"},"image":{"@id":"https:\/\/www.glasundbeschlag.de\/beratung\/#\/schema\/logo\/image\/"},"sameAs":["https:\/\/www.facebook.com\/glasundbeschlag.de\/","https:\/\/www.instagram.com\/glasundbeschlag.de\/"]}]}},"_links":{"self":[{"href":"https:\/\/www.glasundbeschlag.de\/beratung\/wp-json\/wp\/v2\/pages\/29590","targetHints":{"allow":["GET"]}}],"collection":[{"href":"https:\/\/www.glasundbeschlag.de\/beratung\/wp-json\/wp\/v2\/pages"}],"about":[{"href":"https:\/\/www.glasundbeschlag.de\/beratung\/wp-json\/wp\/v2\/types\/page"}],"author":[{"embeddable":true,"href":"https:\/\/www.glasundbeschlag.de\/beratung\/wp-json\/wp\/v2\/users\/1"}],"replies":[{"embeddable":true,"href":"https:\/\/www.glasundbeschlag.de\/beratung\/wp-json\/wp\/v2\/comments?post=29590"}],"version-history":[{"count":28,"href":"https:\/\/www.glasundbeschlag.de\/beratung\/wp-json\/wp\/v2\/pages\/29590\/revisions"}],"predecessor-version":[{"id":29618,"href":"https:\/\/www.glasundbeschlag.de\/beratung\/wp-json\/wp\/v2\/pages\/29590\/revisions\/29618"}],"wp:attachment":[{"href":"https:\/\/www.glasundbeschlag.de\/beratung\/wp-json\/wp\/v2\/media?parent=29590"}],"curies":[{"name":"wp","href":"https:\/\/api.w.org\/{rel}","templated":true}]}}